{"id":233043,"date":"2024-07-03T07:55:29","date_gmt":"2024-07-03T06:55:29","guid":{"rendered":"https:\/\/www.jibble.io\/help\/monthly-accrual-schedule"},"modified":"2025-02-15T05:08:36","modified_gmt":"2025-02-15T05:08:36","slug":"miesieczny-harmonogram-naliczania","status":"publish","type":"help","link":"https:\/\/www.jibble.io\/pl\/pomoc\/miesieczny-harmonogram-naliczania","title":{"rendered":"Polityki urlopowe: miesi\u0119czny harmonogram naliczania"},"content":{"rendered":"<p>W <a href=\"https:\/\/www.jibble.io\/pl\/program-do-zarzadzania-urlopami\">programie do zarz\u0105dzania urlopami<\/a> firmy Jibble mo\u017cna utworzy\u0107 polityk\u0119 p\u0142atnego urlopu z miesi\u0119cznym harmonogramem naliczania, aby okre\u015bli\u0107, w jaki spos\u00f3b czas wolny jest przyznawany co miesi\u0105c. W tym artykule wyja\u015bnimy, jak dzia\u0142aj\u0105 miesi\u0119czne harmonogramy naliczania i jakie opcje s\u0105 dost\u0119pne w celu dostosowania ich do Twoich potrzeb.<\/p>\n<p><strong>Ten artyku\u0142 obejmuje nast\u0119puj\u0105ce tematy:<\/strong><\/p>\n<ul>\n<li><a href=\"#tworzenie-polityki\">Tworzenie nowej polityki urlopowej<\/a><\/li>\n<li><a href=\"#konfigurowanie\">Konfigurowanie miesi\u0119cznego harmonogramu naliczania<\/a><\/li>\n<li><a href=\"#proporcjonalnosc\">Proporcjonalno\u015b\u0107<\/a><\/li>\n<\/ul>\n<hr \/>\n<h2 id=\"tworzenie-polityki\">Tworzenie nowej polityki urlopowej<\/h2>\n<ol>\n<li>Zaloguj si\u0119 na swoje konto w Jibble.<\/li>\n<li>Przejd\u017a do sekcji <strong>Urlopy i \u015bwi\u0119ta<\/strong> z menu g\u0142\u00f3wnego.<\/li>\n<li>Kliknij <strong>Polityki<\/strong> <strong>urlopowe<\/strong>, aby utworzy\u0107 now\u0105 polityk\u0119 lub zarz\u0105dza\u0107 istniej\u0105cymi.<\/li>\n<li>Kliknij <strong>Dodaj<\/strong> <strong>polityk\u0119<\/strong> <strong>urlopow\u0105<\/strong>, aby rozpocz\u0105\u0107 tworzenie nowej polityki.<br \/>\n<img decoding=\"async\" class=\"aligncenter wp-image-132557 size-full\" src=\"https:\/\/www.jibble.io\/wp-content\/uploads\/2024\/06\/Adding-time-off-policies-on-web-4.png\" alt=\"Dodawanie polityki urlopowej w aplikacji internetowej.\" width=\"1839\" height=\"1086\" srcset=\"https:\/\/www.jibble.io\/wp-content\/uploads\/2024\/06\/Adding-time-off-policies-on-web-4.png 1839w, https:\/\/www.jibble.io\/wp-content\/uploads\/2024\/06\/Adding-time-off-policies-on-web-4-300x177.png 300w, https:\/\/www.jibble.io\/wp-content\/uploads\/2024\/06\/Adding-time-off-policies-on-web-4-768x454.png 768w, https:\/\/www.jibble.io\/wp-content\/uploads\/2024\/06\/Adding-time-off-policies-on-web-4-1536x907.png 1536w\" sizes=\"(max-width: 1839px) 100vw, 1839px\" \/><\/li>\n<li>Nazwij swoj\u0105 polityk\u0119 (np. \u201eUrlop wypoczynkowy\u201d, \u201eZwolnienie chorobowe\u201d).<\/li>\n<li>Przypisz cz\u0142onk\u00f3w i grupy do polityki.<\/li>\n<li>W polu Harmonogram naliczania wybierz opcj\u0119 <strong>Miesi\u0119czny<\/strong>.<img decoding=\"async\" class=\"three-quarter aligncenter wp-image-132566 size-full\" src=\"https:\/\/www.jibble.io\/wp-content\/uploads\/2024\/06\/Do-not-carry-forward.png\" alt=\"Wyb\u00f3r miesi\u0119cznego harmonogramu naliczania.\" width=\"730\" height=\"873\" srcset=\"https:\/\/www.jibble.io\/wp-content\/uploads\/2024\/06\/Do-not-carry-forward.png 730w, https:\/\/www.jibble.io\/wp-content\/uploads\/2024\/06\/Do-not-carry-forward-251x300.png 251w, https:\/\/www.jibble.io\/wp-content\/uploads\/2024\/06\/Do-not-carry-forward-642x768.png 642w\" sizes=\"(max-width: 730px) 100vw, 730px\" \/><\/li>\n<li>Wybierz dat\u0119 naliczania (wi\u0119cej informacji w sekcji o <a href=\"#konfigurowanie\">konfigurowaniu miesi\u0119cznego harmonogramu naliczania<\/a>), czyli <strong>Dat\u0119<\/strong> <strong>niestandardow\u0105<\/strong> lub <strong>Dat\u0119<\/strong> <strong>do\u0142\u0105czenia<\/strong>.<\/li>\n<li>Wprowad\u017a ilo\u015b\u0107 urlopu przys\u0142uguj\u0105cego pracownikom w ka\u017cdym miesi\u0105cu (np. 2 dni lub 16 godzin).<\/li>\n<li>Wybierz, czy urlop powinien by\u0107 naliczany na <strong>Pocz\u0105tku<\/strong>, czy na <strong>Ko\u0144cu <\/strong>miesi\u0105ca. Wi\u0119cej informacji na temat <a href=\"#konfigurowanie\">konfigurowania naliczania miesi\u0119cznego<\/a> znajduje si\u0119 poni\u017cej. <img decoding=\"async\" class=\"three-quarter aligncenter wp-image-132575 size-full\" src=\"https:\/\/www.jibble.io\/wp-content\/uploads\/2024\/06\/Do-not-carry-forward-1.png\" alt=\"Wprowadzanie kwoty uprawnienia i wybieranie ustawie\u0144.\" width=\"730\" height=\"873\" srcset=\"https:\/\/www.jibble.io\/wp-content\/uploads\/2024\/06\/Do-not-carry-forward-1.png 730w, https:\/\/www.jibble.io\/wp-content\/uploads\/2024\/06\/Do-not-carry-forward-1-251x300.png 251w, https:\/\/www.jibble.io\/wp-content\/uploads\/2024\/06\/Do-not-carry-forward-1-642x768.png 642w\" sizes=\"(max-width: 730px) 100vw, 730px\" \/><\/li>\n<li>Je\u015bli nie chcesz, aby dni \u015bwi\u0105teczne by\u0142y uwzgl\u0119dniane jako dzie\u0144 urlopu, zaznacz pole <strong>Wyklucz \u015bwi\u0119ta pa\u0144stwowe<\/strong>.<\/li>\n<li>Je\u015bli nie chcesz, aby dni wolne by\u0142y uwzgl\u0119dniane jako dni urlopu, zaznacz pole <strong>Wyklucz dni wolne od pracy<\/strong>.<br \/>\n<img decoding=\"async\" class=\"three-quarter aligncenter wp-image-132584 size-full\" src=\"https:\/\/www.jibble.io\/wp-content\/uploads\/2024\/06\/Do-not-carry-forward-2.png\" alt=\"Wykluczenie \u015bwi\u0105t pa\u0144stwowych i dni wolnych od pracy.\" width=\"730\" height=\"873\" srcset=\"https:\/\/www.jibble.io\/wp-content\/uploads\/2024\/06\/Do-not-carry-forward-2.png 730w, https:\/\/www.jibble.io\/wp-content\/uploads\/2024\/06\/Do-not-carry-forward-2-251x300.png 251w, https:\/\/www.jibble.io\/wp-content\/uploads\/2024\/06\/Do-not-carry-forward-2-642x768.png 642w\" sizes=\"(max-width: 730px) 100vw, 730px\" \/><\/li>\n<li>Zaznacz pole wyboru<strong> Salda urlopowe mog\u0105 zosta\u0107 przeniesione na nast\u0119pny cykl<\/strong>, je\u015bli chcesz zezwoli\u0107 na przeniesienie sald urlopowych na nast\u0119pny rok.<\/li>\n<li>Wprowad\u017a ca\u0142kowit\u0105 liczb\u0119 dni lub godzin dozwolonych do przeniesienia wraz z czasem wa\u017cno\u015bci (1-12 miesi\u0119cy).<br \/>\n<img decoding=\"async\" class=\"three-quarter aligncenter wp-image-132593 size-full\" src=\"https:\/\/www.jibble.io\/wp-content\/uploads\/2024\/06\/Do-not-carry-forward-3.png\" alt=\"Wybierania zasad przenoszenia urlopu.\" width=\"730\" height=\"936\" srcset=\"https:\/\/www.jibble.io\/wp-content\/uploads\/2024\/06\/Do-not-carry-forward-3.png 730w, https:\/\/www.jibble.io\/wp-content\/uploads\/2024\/06\/Do-not-carry-forward-3-234x300.png 234w, https:\/\/www.jibble.io\/wp-content\/uploads\/2024\/06\/Do-not-carry-forward-3-599x768.png 599w\" sizes=\"(max-width: 730px) 100vw, 730px\" \/><\/li>\n<li>Kliknij przycisk <strong>Zapisz<\/strong>, aby wprowadzi\u0107 w \u017cycie nowy harmonogram naliczania.<\/li>\n<\/ol>\n<hr \/>\n<h2 id=\"konfigurowanie\">Konfigurowanie miesi\u0119cznego harmonogramu naliczania<\/h2>\n<p>Do wyboru s\u0105 dwa rodzaje miesi\u0119cznych harmonogram\u00f3w naliczania:<\/p>\n<ul>\n<li><strong>Data niestandardowa:<\/strong> ten harmonogram naliczania przyznaje urlop w okre\u015blonym dniu ka\u017cdego miesi\u0105ca. Mo\u017cna wybra\u0107 dowolny Dzie\u0144 od 1 do 28 lub ostatni dzie\u0144 miesi\u0105ca.<\/li>\n<li><strong>Data do\u0142\u0105czenia:<\/strong> naliczenia s\u0105 oparte na dacie do\u0142\u0105czenia ka\u017cdego pracownika. Je\u015bli pracownicy musz\u0105 przej\u015b\u0107 okres oczekiwania przed uzyskaniem uprawnie\u0144 do urlopu, b\u0119dziesz m\u00f3g\u0142 wprowadzi\u0107 liczb\u0119 dni oczekiwania.<\/li>\n<\/ul>\n<p>Po wybraniu Daty naliczania nale\u017cy zdefiniowa\u0107 ilo\u015b\u0107 urlopu, jak\u0105 ka\u017cdy pracownik otrzymuje miesi\u0119cznie. Mo\u017cesz okre\u015bli\u0107 t\u0119 kwot\u0119 w dniach lub godzinach. Dodatkowo mo\u017cesz wybra\u0107, czy to uprawnienie jest naliczane:<\/p>\n<ul>\n<li><strong>Na pocz\u0105tku:<\/strong> pracownicy b\u0119d\u0105 otrzymywa\u0107 swoje miesi\u0119czne uprawnienia w ustalonym terminie (np. 1 dnia ka\u017cdego miesi\u0105ca).<\/li>\n<li><strong>Na ko\u0144cu:<\/strong> pracownicy b\u0119d\u0105 zbiera\u0107 urlop przez ca\u0142y miesi\u0105c i otrzymaj\u0105 go na jeden dzie\u0144 przed dat\u0105 naliczenia w kolejnym miesi\u0105cu.<\/li>\n<\/ul>\n<p><span style=\"text-decoration: underline;\"><em><strong>Przyk\u0142ad nr 1: data niestandardowa \u2013 naliczanie na pocz\u0105tku<\/strong><\/em><\/span><\/p>\n<p>Harmonogram naliczania: data niestandardowa (Dzie\u0144 1)<br \/>\nNale\u017cny urlop: 1 dzie\u0144 miesi\u0119cznie<br \/>\nNaliczanie: na pocz\u0105tku<\/p>\n<p>Za\u0142\u00f3\u017cmy, \u017ce dzi\u015b jest 15 marca. 1 kwietnia (Dzie\u0144 1 miesi\u0105ca) saldo urlopowe ka\u017cdego pracownika wzrasta o 1 dzie\u0144. Kiedy nadejdzie 1 maja, kolejny 1 dzie\u0144 zostanie dodany do przys\u0142uguj\u0105cego urlopu ka\u017cdego pracownika.<\/p>\n<p><span style=\"text-decoration: underline;\"><em><strong>Przyk\u0142ad nr 2: data do\u0142\u0105czenia \u2013 naliczanie na ko\u0144cu<\/strong><\/em><\/span><\/p>\n<p>Harmonogram naliczania: data do\u0142\u0105czenia<br \/>\nNale\u017cny urlop: 2 godziny miesi\u0119cznie<br \/>\nNaliczanie: na ko\u0144cu<\/p>\n<p>Pracownik, kt\u00f3ry do\u0142\u0105czy\u0142 1 lipca, otrzyma 2 godziny urlopu 31 lipca (jeden dzie\u0144 przed kolejn\u0105 dat\u0105 naliczania), poniewa\u017c harmonogram naliczania jest oparty na dacie do\u0142\u0105czenia, a naliczanie nast\u0119puje \u201ena ko\u0144cu\u201d. Kiedy nadejdzie 31 sierpnia, kolejne 2 godziny zostan\u0105 dodane do przys\u0142uguj\u0105cego urlopu pracownika.<\/p>\n<p><span style=\"text-decoration: underline;\"><em><strong>Przyk\u0142ad nr 3: data do\u0142\u0105czenia \u2013 naliczanie na pocz\u0105tku (z okresem oczekiwania)<\/strong><\/em><\/span><\/p>\n<p>Harmonogram naliczania: data do\u0142\u0105czenia<br \/>\nNale\u017cny urlop: 2 dni miesi\u0119cznie<br \/>\nNaliczanie: na pocz\u0105tku<br \/>\nOkres oczekiwania: 90 dni<\/p>\n<p>Za\u0142\u00f3\u017cmy, \u017ce pracownik rozpoczyna prac\u0119 1 kwietnia. Polityka przewiduje 90-dniowy okres oczekiwania na naliczenie z harmonogramem opartym na dacie do\u0142\u0105czenia i naliczeniami \u201ena pocz\u0105tku\u201d.<\/p>\n<p>W okresie oczekiwania od kwietnia do czerwca pracownik nie zdobywa \u017cadnego urlopu. Jednak 30 czerwca (90 dni po rozpocz\u0119ciu pracy) pracownik otrzyma ca\u0142y naliczony urlop za okres oczekiwania (6 dni), a nast\u0119pnie urlop naliczony za lipiec (2 dni) zostanie dodany 1 lipca, w sumie 8 dni. Gdy nadejdzie 1 sierpnia, dodatkowe 2 dni zostan\u0105 dodane do przys\u0142uguj\u0105cego urlopu pracownika.<\/p>\n<hr \/>\n<h2 id=\"proporcjonalnosc\">Proporcjonalno\u015b\u0107<\/h2>\n<p>Proporcjonalno\u015b\u0107 pozwala dostosowa\u0107 przys\u0142uguj\u0105cy urlop dla pracownik\u00f3w, kt\u00f3rzy do\u0142\u0105czaj\u0105 w trakcie miesi\u0119cznego cyklu naliczania. Zapewnia to sprawiedliwo\u015b\u0107 poprzez przyznanie nowym pracownikom proporcjonalnej ilo\u015bci urlopu na podstawie czasu pozosta\u0142ego do ko\u0144ca cyklu. Formu\u0142a proporcjonalno\u015bci przedstawia si\u0119 nast\u0119puj\u0105co:<\/p>\n<p><em><span style=\"text-decoration: underline;\"><strong>Je\u015bli urlop jest naliczany \u201ena pocz\u0105tku\u201d:<\/strong><\/span><\/em><\/p>\n<p>Urlop proporcjonalny = <strong>(liczba dni zatrudnienia od daty do\u0142\u0105czenia do ko\u0144ca miesi\u0105ca \/ liczba dni w miesi\u0105cu) \u00d7 urlop przys\u0142uguj\u0105cy w miesi\u0105cu<\/strong><\/p>\n<p><em><strong>Uwaga:<\/strong> obliczenia obejmuj\u0105 dat\u0119 do\u0142\u0105czenia.<\/em><\/p>\n<p><em><strong>Przyk\u0142ad:<\/strong><\/em><\/p>\n<p>Je\u015bli pracownik rozpoczyna prac\u0119 15 lipca (lipiec ma 31 dni), a miesi\u0119czny wymiar urlopu wynosi 2 dni, proporcjonalny wymiar urlopu za lipiec b\u0119dzie nast\u0119puj\u0105cy:<\/p>\n<p>Urlop proporcjonalny = <strong>(17 przepracowanych dni) \/ (31 dni w lipcu) \u00d7 2 dni = 1,10 dnia<\/strong><\/p>\n<p>Pracownik zobaczy saldo 1,10 dnia w przegl\u0105dzie urlop\u00f3w w dniu 15 lipca.<\/p>\n<p><em><span style=\"text-decoration: underline;\"><strong>Je\u015bli urlop jest naliczany \u201ena ko\u0144cu\u201d:<\/strong><\/span><\/em><\/p>\n<p>Urlop proporcjonalny = <strong>urlop przys\u0142uguj\u0105cy w miesi\u0105cu<\/strong><strong> &#8211; [(liczba dni zatrudnienia od daty do\u0142\u0105czenia do ko\u0144ca miesi\u0105ca \/ liczba dni w miesi\u0105cu) \u00d7 urlop przys\u0142uguj\u0105cy w miesi\u0105cu] <\/strong><\/p>\n<p><em><strong>Uwaga:<\/strong> obliczenia nie obejmuj\u0105 daty do\u0142\u0105czenia.<\/em><\/p>\n<p><em><strong>Przyk\u0142ad:<\/strong><\/em><\/p>\n<p>Je\u015bli pracownik rozpoczyna prac\u0119 10 lipca (lipiec ma 31 dni), a miesi\u0119czny wymiar urlopu wynosi 16 godzin, proporcjonalny wymiar urlopu za lipiec wyniesie:<\/p>\n<p>Urlop proporcjonalny =<strong> 16 &#8211; [(9 omini\u0119tych dni) \/ (31 dni w lipcu) \u00d7 16 godzin] = 11,35 godziny<\/strong><\/p>\n<p>Pracownik zobaczy saldo 11,35 godziny w przegl\u0105dzie urlop\u00f3w w dniu 10 lipca.<\/p>\n","protected":false},"author":56,"template":"","meta":{"_acf_changed":false,"footnotes":""},"collections":[926],"class_list":["post-233043","help","type-help","status-publish","hentry","collections-zarzadzanie-urlopami"],"acf":[],"yoast_head":"<!-- This site is optimized with the Yoast SEO Premium plugin v26.8 (Yoast SEO v26.8) - https:\/\/yoast.com\/product\/yoast-seo-premium-wordpress\/ -->\n<title>Polityki urlopowe: miesi\u0119czny harmonogram naliczania<\/title>\n<meta name=\"description\" content=\"Dowiedz si\u0119, jak skonfigurowa\u0107 polityki urlopowe z miesi\u0119cznym harmonogramem naliczania, zapewniaj\u0105c zgodno\u015b\u0107 z zasadami firmy.\" \/>\n<meta name=\"robots\" content=\"index, follow, max-snippet:-1, max-image-preview:large, max-video-preview:-1\" \/>\n<link rel=\"canonical\" href=\"https:\/\/www.jibble.io\/pl\/pomoc\/miesieczny-harmonogram-naliczania\" \/>\n<meta property=\"og:locale\" content=\"pl_PL\" \/>\n<meta property=\"og:type\" content=\"article\" \/>\n<meta property=\"og:title\" content=\"Polityki urlopowe: miesi\u0119czny harmonogram naliczania\" \/>\n<meta property=\"og:description\" content=\"Dowiedz si\u0119, jak skonfigurowa\u0107 polityki urlopowe z miesi\u0119cznym harmonogramem naliczania, zapewniaj\u0105c zgodno\u015b\u0107 z zasadami firmy.\" \/>\n<meta property=\"og:url\" content=\"https:\/\/www.jibble.io\/pl\/pomoc\/miesieczny-harmonogram-naliczania\" \/>\n<meta property=\"og:site_name\" content=\"Jibble\" \/>\n<meta property=\"article:modified_time\" content=\"2025-02-15T05:08:36+00:00\" \/>\n<meta property=\"og:image\" content=\"https:\/\/www.jibble.io\/wp-content\/uploads\/2024\/06\/Adding-time-off-policies-on-web-4.png\" \/>\n<meta name=\"twitter:card\" content=\"summary_large_image\" \/>\n<meta name=\"twitter:label1\" content=\"Szacowany czas czytania\" \/>\n\t<meta name=\"twitter:data1\" content=\"5 minut\" \/>\n<script type=\"application\/ld+json\" class=\"yoast-schema-graph\">{\"@context\":\"https:\/\/schema.org\",\"@graph\":[{\"@type\":\"WebPage\",\"@id\":\"https:\/\/www.jibble.io\/pl\/pomoc\/miesieczny-harmonogram-naliczania\",\"url\":\"https:\/\/www.jibble.io\/pl\/pomoc\/miesieczny-harmonogram-naliczania\",\"name\":\"Polityki urlopowe: miesi\u0119czny harmonogram naliczania\",\"isPartOf\":{\"@id\":\"https:\/\/www.jibble.io\/pl#website\"},\"primaryImageOfPage\":{\"@id\":\"https:\/\/www.jibble.io\/pl\/pomoc\/miesieczny-harmonogram-naliczania#primaryimage\"},\"image\":{\"@id\":\"https:\/\/www.jibble.io\/pl\/pomoc\/miesieczny-harmonogram-naliczania#primaryimage\"},\"thumbnailUrl\":\"https:\/\/www.jibble.io\/wp-content\/uploads\/2024\/06\/Adding-time-off-policies-on-web-4.png\",\"datePublished\":\"2024-07-03T06:55:29+00:00\",\"dateModified\":\"2025-02-15T05:08:36+00:00\",\"description\":\"Dowiedz si\u0119, jak skonfigurowa\u0107 polityki urlopowe z miesi\u0119cznym harmonogramem naliczania, zapewniaj\u0105c zgodno\u015b\u0107 z zasadami firmy.\",\"inLanguage\":\"pl-PL\",\"potentialAction\":[{\"@type\":\"ReadAction\",\"target\":[\"https:\/\/www.jibble.io\/pl\/pomoc\/miesieczny-harmonogram-naliczania\"]}]},{\"@type\":\"ImageObject\",\"inLanguage\":\"pl-PL\",\"@id\":\"https:\/\/www.jibble.io\/pl\/pomoc\/miesieczny-harmonogram-naliczania#primaryimage\",\"url\":\"https:\/\/www.jibble.io\/wp-content\/uploads\/2024\/06\/Adding-time-off-policies-on-web-4.png\",\"contentUrl\":\"https:\/\/www.jibble.io\/wp-content\/uploads\/2024\/06\/Adding-time-off-policies-on-web-4.png\"},{\"@type\":\"WebSite\",\"@id\":\"https:\/\/www.jibble.io\/pl#website\",\"url\":\"https:\/\/www.jibble.io\/pl\",\"name\":\"Jibble\",\"description\":\"Meet the new standard in time tracking software\",\"publisher\":{\"@id\":\"https:\/\/www.jibble.io\/pl#organization\"},\"potentialAction\":[{\"@type\":\"SearchAction\",\"target\":{\"@type\":\"EntryPoint\",\"urlTemplate\":\"https:\/\/www.jibble.io\/pl?s={search_term_string}\"},\"query-input\":{\"@type\":\"PropertyValueSpecification\",\"valueRequired\":true,\"valueName\":\"search_term_string\"}}],\"inLanguage\":\"pl-PL\"},{\"@type\":\"Organization\",\"@id\":\"https:\/\/www.jibble.io\/pl#organization\",\"name\":\"Jibble\",\"url\":\"https:\/\/www.jibble.io\/pl\",\"logo\":{\"@type\":\"ImageObject\",\"inLanguage\":\"pl-PL\",\"@id\":\"https:\/\/www.jibble.io\/pl#\/schema\/logo\/image\/\",\"url\":\"https:\/\/www.jibble.io\/wp-content\/uploads\/2022\/05\/Original-copy-923x1024.png\",\"contentUrl\":\"https:\/\/www.jibble.io\/wp-content\/uploads\/2022\/05\/Original-copy-923x1024.png\",\"width\":\"923\",\"height\":\"1024\",\"caption\":\"Jibble\"},\"image\":{\"@id\":\"https:\/\/www.jibble.io\/pl#\/schema\/logo\/image\/\"},\"sameAs\":[\"https:\/\/www.linkedin.com\/company\/jibble\/\"]}]}<\/script>\n<!-- \/ Yoast SEO Premium plugin. -->","yoast_head_json":{"title":"Polityki urlopowe: miesi\u0119czny harmonogram naliczania","description":"Dowiedz si\u0119, jak skonfigurowa\u0107 polityki urlopowe z miesi\u0119cznym harmonogramem naliczania, zapewniaj\u0105c zgodno\u015b\u0107 z zasadami firmy.","robots":{"index":"index","follow":"follow","max-snippet":"max-snippet:-1","max-image-preview":"max-image-preview:large","max-video-preview":"max-video-preview:-1"},"canonical":"https:\/\/www.jibble.io\/pl\/pomoc\/miesieczny-harmonogram-naliczania","og_locale":"pl_PL","og_type":"article","og_title":"Polityki urlopowe: miesi\u0119czny harmonogram naliczania","og_description":"Dowiedz si\u0119, jak skonfigurowa\u0107 polityki urlopowe z miesi\u0119cznym harmonogramem naliczania, zapewniaj\u0105c zgodno\u015b\u0107 z zasadami firmy.","og_url":"https:\/\/www.jibble.io\/pl\/pomoc\/miesieczny-harmonogram-naliczania","og_site_name":"Jibble","article_modified_time":"2025-02-15T05:08:36+00:00","og_image":[{"url":"https:\/\/www.jibble.io\/wp-content\/uploads\/2024\/06\/Adding-time-off-policies-on-web-4.png","type":"","width":"","height":""}],"twitter_card":"summary_large_image","twitter_misc":{"Szacowany czas czytania":"5 minut"},"schema":{"@context":"https:\/\/schema.org","@graph":[{"@type":"WebPage","@id":"https:\/\/www.jibble.io\/pl\/pomoc\/miesieczny-harmonogram-naliczania","url":"https:\/\/www.jibble.io\/pl\/pomoc\/miesieczny-harmonogram-naliczania","name":"Polityki urlopowe: miesi\u0119czny harmonogram naliczania","isPartOf":{"@id":"https:\/\/www.jibble.io\/pl#website"},"primaryImageOfPage":{"@id":"https:\/\/www.jibble.io\/pl\/pomoc\/miesieczny-harmonogram-naliczania#primaryimage"},"image":{"@id":"https:\/\/www.jibble.io\/pl\/pomoc\/miesieczny-harmonogram-naliczania#primaryimage"},"thumbnailUrl":"https:\/\/www.jibble.io\/wp-content\/uploads\/2024\/06\/Adding-time-off-policies-on-web-4.png","datePublished":"2024-07-03T06:55:29+00:00","dateModified":"2025-02-15T05:08:36+00:00","description":"Dowiedz si\u0119, jak skonfigurowa\u0107 polityki urlopowe z miesi\u0119cznym harmonogramem naliczania, zapewniaj\u0105c zgodno\u015b\u0107 z zasadami firmy.","inLanguage":"pl-PL","potentialAction":[{"@type":"ReadAction","target":["https:\/\/www.jibble.io\/pl\/pomoc\/miesieczny-harmonogram-naliczania"]}]},{"@type":"ImageObject","inLanguage":"pl-PL","@id":"https:\/\/www.jibble.io\/pl\/pomoc\/miesieczny-harmonogram-naliczania#primaryimage","url":"https:\/\/www.jibble.io\/wp-content\/uploads\/2024\/06\/Adding-time-off-policies-on-web-4.png","contentUrl":"https:\/\/www.jibble.io\/wp-content\/uploads\/2024\/06\/Adding-time-off-policies-on-web-4.png"},{"@type":"WebSite","@id":"https:\/\/www.jibble.io\/pl#website","url":"https:\/\/www.jibble.io\/pl","name":"Jibble","description":"Meet the new standard in time tracking software","publisher":{"@id":"https:\/\/www.jibble.io\/pl#organization"},"potentialAction":[{"@type":"SearchAction","target":{"@type":"EntryPoint","urlTemplate":"https:\/\/www.jibble.io\/pl?s={search_term_string}"},"query-input":{"@type":"PropertyValueSpecification","valueRequired":true,"valueName":"search_term_string"}}],"inLanguage":"pl-PL"},{"@type":"Organization","@id":"https:\/\/www.jibble.io\/pl#organization","name":"Jibble","url":"https:\/\/www.jibble.io\/pl","logo":{"@type":"ImageObject","inLanguage":"pl-PL","@id":"https:\/\/www.jibble.io\/pl#\/schema\/logo\/image\/","url":"https:\/\/www.jibble.io\/wp-content\/uploads\/2022\/05\/Original-copy-923x1024.png","contentUrl":"https:\/\/www.jibble.io\/wp-content\/uploads\/2022\/05\/Original-copy-923x1024.png","width":"923","height":"1024","caption":"Jibble"},"image":{"@id":"https:\/\/www.jibble.io\/pl#\/schema\/logo\/image\/"},"sameAs":["https:\/\/www.linkedin.com\/company\/jibble\/"]}]}},"_links":{"self":[{"href":"https:\/\/www.jibble.io\/pl\/wp-json\/wp\/v2\/help\/233043","targetHints":{"allow":["GET"]}}],"collection":[{"href":"https:\/\/www.jibble.io\/pl\/wp-json\/wp\/v2\/help"}],"about":[{"href":"https:\/\/www.jibble.io\/pl\/wp-json\/wp\/v2\/types\/help"}],"author":[{"embeddable":true,"href":"https:\/\/www.jibble.io\/pl\/wp-json\/wp\/v2\/users\/56"}],"version-history":[{"count":3,"href":"https:\/\/www.jibble.io\/pl\/wp-json\/wp\/v2\/help\/233043\/revisions"}],"predecessor-version":[{"id":233318,"href":"https:\/\/www.jibble.io\/pl\/wp-json\/wp\/v2\/help\/233043\/revisions\/233318"}],"wp:attachment":[{"href":"https:\/\/www.jibble.io\/pl\/wp-json\/wp\/v2\/media?parent=233043"}],"wp:term":[{"taxonomy":"collections","embeddable":true,"href":"https:\/\/www.jibble.io\/pl\/wp-json\/wp\/v2\/collections?post=233043"}],"curies":[{"name":"wp","href":"https:\/\/api.w.org\/{rel}","templated":true}]}}