{"id":44399,"date":"2023-07-11T02:22:29","date_gmt":"2023-07-11T01:22:29","guid":{"rendered":"https:\/\/www.jibble.io\/?post_type=help&#038;p=44399"},"modified":"2025-07-01T11:31:39","modified_gmt":"2025-07-01T10:31:39","slug":"puis-je-modifier-les-politiques-en-matiere-de-conges","status":"publish","type":"help","link":"https:\/\/www.jibble.io\/fr\/aide\/puis-je-modifier-les-politiques-en-matiere-de-conges","title":{"rendered":"Puis-je modifier les politiques en mati\u00e8re de cong\u00e9s ?"},"content":{"rendered":"<p><span style=\"font-weight: 400;\">Les <a href=\"https:\/\/www.jibble.io\/fr\/aide\/creer-des-politiques-de-conges\" target=\"_blank\" rel=\"noopener\">politiques de cong\u00e9s<\/a> sont utilis\u00e9es pour d\u00e9terminer le type de compensation des cong\u00e9s, le nombre total de jours ou d&rsquo;heures de cong\u00e9s auxquels les membres ont droit et la mani\u00e8re dont les cong\u00e9s sont accumul\u00e9s.<\/span><\/p>\n<p>Une fois qu&rsquo;une politique en mati\u00e8re de cong\u00e9s est cr\u00e9\u00e9e, vous ne pouvez <strong>pas<\/strong> modifier les champs qui peuvent affecter les calculs des cong\u00e9s. Ces champs comprennent :<\/p>\n<ul>\n<li aria-level=\"1\"><strong>Type de r\u00e9mun\u00e9ration <\/strong>(utilis\u00e9 pour d\u00e9terminer si les cong\u00e9s sont pay\u00e9s ou non)\n<ul>\n<li aria-level=\"1\"><em>Pay\u00e9<\/em>\u00a0&#8211; Les cong\u00e9s sont calcul\u00e9s en fonction des heures de paie sur les feuilles de temps et les rapports.<\/li>\n<li aria-level=\"1\"><em>Non pay\u00e9<\/em>\u00a0&#8211; Les cong\u00e9s ne sont pas prise en compte dans le calcul des heures de paie et ne sont pas facturables.<\/li>\n<\/ul>\n<\/li>\n<\/ul>\n<p><span style=\"font-weight: 400;\"><img decoding=\"async\" class=\"size-large wp-image-279959 aligncenter\" src=\"https:\/\/www.jibble.io\/wp-content\/uploads\/2023\/07\/FR-Time-off-type-of-compensation-768x493.png\" alt=\"Time off: type of compensation\" width=\"768\" height=\"493\" srcset=\"https:\/\/www.jibble.io\/wp-content\/uploads\/2023\/07\/FR-Time-off-type-of-compensation-768x493.png 768w, https:\/\/www.jibble.io\/wp-content\/uploads\/2023\/07\/FR-Time-off-type-of-compensation-160x103.png 160w, https:\/\/www.jibble.io\/wp-content\/uploads\/2023\/07\/FR-Time-off-type-of-compensation-300x193.png 300w\" sizes=\"(max-width: 768px) 100vw, 768px\" \/><\/span><\/p>\n<ul>\n<li aria-level=\"1\"><b>Calendrier d&rsquo;accumulation<\/b> (utilis\u00e9 pour d\u00e9terminer comment les droits aux cong\u00e9s sont accord\u00e9s et accumul\u00e9s par les membres de l&rsquo;\u00e9quipe)\n<ul>\n<li aria-level=\"1\"><em>Aucun<\/em> &#8211; Les cong\u00e9s sont acquis imm\u00e9diatement, sans prorata.<\/li>\n<li aria-level=\"1\"><em>Annuel<\/em> &#8211; Les cong\u00e9s sont acquis annuellement sous la forme d&rsquo;une somme forfaitaire \u00e0 la date fix\u00e9e et calcul\u00e9s au prorata.<\/li>\n<li aria-level=\"1\"><em>Mensuel<\/em> \u2013 Les cong\u00e9s sont acquis mensuellement \u00e0 une date d\u00e9termin\u00e9e sur un cycle annuel.<\/li>\n<\/ul>\n<\/li>\n<\/ul>\n<p><span style=\"font-weight: 400;\"><img decoding=\"async\" class=\"size-large wp-image-279960 aligncenter\" src=\"https:\/\/www.jibble.io\/wp-content\/uploads\/2023\/07\/FR-Time-off-schedule-of-accrual-768x493.png\" alt=\"Time off: schedule of accrual\" width=\"768\" height=\"493\" srcset=\"https:\/\/www.jibble.io\/wp-content\/uploads\/2023\/07\/FR-Time-off-schedule-of-accrual-768x493.png 768w, https:\/\/www.jibble.io\/wp-content\/uploads\/2023\/07\/FR-Time-off-schedule-of-accrual-160x103.png 160w, https:\/\/www.jibble.io\/wp-content\/uploads\/2023\/07\/FR-Time-off-schedule-of-accrual-300x193.png 300w\" sizes=\"(max-width: 768px) 100vw, 768px\" \/><\/span><\/p>\n<ul>\n<li aria-level=\"1\"><b>Unit\u00e9 de cong\u00e9s<\/b>\n<ul>\n<li aria-level=\"1\">Permet de d\u00e9terminer l&rsquo;unit\u00e9 (jours\/heures) dans laquelle les demandes de cong\u00e9s peuvent \u00eatre appliqu\u00e9es pour une politique particuli\u00e8re.<\/li>\n<li aria-level=\"1\">Tous les cong\u00e9s demand\u00e9s pour une politique ne peuvent \u00eatre appliqu\u00e9s qu&rsquo;en fonction de l&rsquo;unit\u00e9 pr\u00e9s\u00e9lectionn\u00e9e d\u00e9finie lors de la cr\u00e9ation d&rsquo;une politique de cong\u00e9.<\/li>\n<\/ul>\n<\/li>\n<\/ul>\n<p><span style=\"font-weight: 400;\"><img decoding=\"async\" class=\"size-large wp-image-279961 aligncenter\" src=\"https:\/\/www.jibble.io\/wp-content\/uploads\/2023\/07\/FR-Time-off-unit-768x493.png\" alt=\"Time off: time off unit\" width=\"768\" height=\"493\" srcset=\"https:\/\/www.jibble.io\/wp-content\/uploads\/2023\/07\/FR-Time-off-unit-768x493.png 768w, https:\/\/www.jibble.io\/wp-content\/uploads\/2023\/07\/FR-Time-off-unit-160x103.png 160w, https:\/\/www.jibble.io\/wp-content\/uploads\/2023\/07\/FR-Time-off-unit-300x193.png 300w\" sizes=\"(max-width: 768px) 100vw, 768px\" \/><\/span><\/p>\n<p>Si vous avez cr\u00e9\u00e9 une politique de cong\u00e9 et que vous souhaitez modifier l&rsquo;un des champs non modifiables mentionn\u00e9s ci-dessus, nous vous conseillons de cr\u00e9er une nouvelle politique de cong\u00e9 pour refl\u00e9ter cette modification et d&rsquo;archiver la politique cr\u00e9\u00e9e pr\u00e9c\u00e9demment si n\u00e9cessaire.<\/p>\n<h4><b><i>Exemple :<\/i><\/b><\/h4>\n<p>Lavande a cr\u00e9\u00e9 une politique de cong\u00e9, Cong\u00e9 annuel, avec un droit de <strong>12 jours<\/strong> par an.<\/p>\n<p><span style=\"font-weight: 400;\"><img decoding=\"async\" class=\"size-large wp-image-279963 aligncenter\" src=\"https:\/\/www.jibble.io\/wp-content\/uploads\/2023\/07\/FR-Time-off-in-days-768x493.png\" alt=\"Time off in days\" width=\"768\" height=\"493\" srcset=\"https:\/\/www.jibble.io\/wp-content\/uploads\/2023\/07\/FR-Time-off-in-days-768x493.png 768w, https:\/\/www.jibble.io\/wp-content\/uploads\/2023\/07\/FR-Time-off-in-days-160x103.png 160w, https:\/\/www.jibble.io\/wp-content\/uploads\/2023\/07\/FR-Time-off-in-days-300x192.png 300w\" sizes=\"(max-width: 768px) 100vw, 768px\" \/><\/span><\/p>\n<p>Une fois cette politique cr\u00e9\u00e9e, les membres de son \u00e9quipe ne pourront demander qu&rsquo;un Cong\u00e9 annuel en<strong> Jours<\/strong>, les cong\u00e9s en Heures ne seront pas applicables \u00e0 la politique de Cong\u00e9 annuel.<\/p>\n<p><span style=\"font-weight: 400;\"><img decoding=\"async\" class=\"size-large wp-image-279965 aligncenter\" src=\"https:\/\/www.jibble.io\/wp-content\/uploads\/2023\/07\/FR-Requesting-time-off-in-days-768x493.png\" alt=\"Requesting time off in days\" width=\"768\" height=\"493\" srcset=\"https:\/\/www.jibble.io\/wp-content\/uploads\/2023\/07\/FR-Requesting-time-off-in-days-768x493.png 768w, https:\/\/www.jibble.io\/wp-content\/uploads\/2023\/07\/FR-Requesting-time-off-in-days-160x103.png 160w, https:\/\/www.jibble.io\/wp-content\/uploads\/2023\/07\/FR-Requesting-time-off-in-days-300x193.png 300w\" sizes=\"(max-width: 768px) 100vw, 768px\" \/><\/span><\/p>\n<p>Lavande d\u00e9cide ensuite de modifier l\u2019unit\u00e9 utilis\u00e9e pour la politique de Cong\u00e9 annuel en la passant de Jours \u00e0 Heures. \u00c9tant donn\u00e9 que ce champ n\u2019est pas modifiable, elle ne pourra pas effectuer ce changement.<\/p>\n<p>Dans ce cas, Lavande devra cr\u00e9er une nouvelle politique de cong\u00e9 pour le Cong\u00e9 annuel et choisir l\u2019unit\u00e9 <strong>Heures<\/strong> lors de sa cr\u00e9ation.<img decoding=\"async\" class=\"size-large wp-image-279966 aligncenter\" src=\"https:\/\/www.jibble.io\/wp-content\/uploads\/2023\/07\/FR-Time-off-in-hours-768x491.png\" alt=\"Time off in hours\" width=\"768\" height=\"491\" srcset=\"https:\/\/www.jibble.io\/wp-content\/uploads\/2023\/07\/FR-Time-off-in-hours-768x491.png 768w, https:\/\/www.jibble.io\/wp-content\/uploads\/2023\/07\/FR-Time-off-in-hours-160x102.png 160w, https:\/\/www.jibble.io\/wp-content\/uploads\/2023\/07\/FR-Time-off-in-hours-300x192.png 300w\" sizes=\"(max-width: 768px) 100vw, 768px\" \/><\/p>\n<p><span style=\"font-weight: 400;\">Une fois cette \u00e9tape franchie, les membres de son \u00e9quipe pourront demander un Cong\u00e9 annuel en<strong> Heures<\/strong> en s\u00e9lectionnant la date et les heures de d\u00e9but et de fin respectives.<br \/>\n<\/span><em><strong><img decoding=\"async\" class=\"size-large wp-image-279967 aligncenter\" src=\"https:\/\/www.jibble.io\/wp-content\/uploads\/2023\/07\/FR-Requesting-time-off-in-hours-768x491.png\" alt=\"Requesting time off in hours\" width=\"768\" height=\"491\" srcset=\"https:\/\/www.jibble.io\/wp-content\/uploads\/2023\/07\/FR-Requesting-time-off-in-hours-768x491.png 768w, https:\/\/www.jibble.io\/wp-content\/uploads\/2023\/07\/FR-Requesting-time-off-in-hours-160x102.png 160w, https:\/\/www.jibble.io\/wp-content\/uploads\/2023\/07\/FR-Requesting-time-off-in-hours-300x192.png 300w\" sizes=\"(max-width: 768px) 100vw, 768px\" \/>Note :<\/strong> les cong\u00e9s en heures ne peuvent \u00eatre demand\u00e9s qu\u2019en heures compl\u00e8tes (ex : 3 heures). Les cong\u00e9s en heures et minutes (ex : 2 heures 30 minutes) ne sont pas pris en charge pour le moment.<\/em><\/p>\n<p>Si la politique de Cong\u00e9 annuel en Jours pr\u00e9c\u00e9demment cr\u00e9\u00e9e n\u2019est plus n\u00e9cessaire, elle peut proc\u00e9der \u00e0 l\u2019archivage de cette politique. Une fois la politique archiv\u00e9e, les membres de l\u2019\u00e9quipe ne pourront plus demander de cong\u00e9s en utilisant la politique de Cong\u00e9 annuel en Jours.<\/p>\n<p><span style=\"font-weight: 400;\">Si vous souhaitez en savoir plus sur la modification des soldes de cong\u00e9s pour chaque membre de l&rsquo;\u00e9quipe, consultez notre guide sur <\/span><a href=\"https:\/\/www.jibble.io\/fr\/aide\/comment-ajuster-les-soldes-de-conges-des-employes\" target=\"_blank\" rel=\"noopener\"><span style=\"font-weight: 400;\">comment ajuster des soldes de cong\u00e9s pour les employ\u00e9s<\/span><\/a><span style=\"font-weight: 400;\">.<\/span><\/p>\n","protected":false},"author":56,"template":"","meta":{"_acf_changed":false,"footnotes":""},"collections":[442],"class_list":["post-44399","help","type-help","status-publish","hentry","collections-conges-et-jours-feries"],"acf":[],"yoast_head":"<!-- This site is optimized with the Yoast SEO Premium plugin v26.8 (Yoast SEO v26.8) - https:\/\/yoast.com\/product\/yoast-seo-premium-wordpress\/ -->\n<title>Puis-je modifier les politiques en mati\u00e8re de cong\u00e9s ?<\/title>\n<meta name=\"description\" content=\"Apprenez-en plus sur comment modifier vos politiques en mati\u00e8re de cong\u00e9s pour r\u00e9pondre aux besoins sp\u00e9cifiques de votre organisation.\" \/>\n<meta name=\"robots\" content=\"index, follow, max-snippet:-1, max-image-preview:large, max-video-preview:-1\" \/>\n<link rel=\"canonical\" href=\"https:\/\/www.jibble.io\/fr\/aide\/puis-je-modifier-les-politiques-en-matiere-de-conges\" \/>\n<meta property=\"og:locale\" content=\"fr_FR\" \/>\n<meta property=\"og:type\" content=\"article\" \/>\n<meta property=\"og:title\" content=\"Puis-je modifier les politiques en mati\u00e8re de cong\u00e9s ?\" \/>\n<meta property=\"og:description\" content=\"Apprenez-en plus sur comment modifier vos politiques en mati\u00e8re de cong\u00e9s pour r\u00e9pondre aux besoins sp\u00e9cifiques de votre organisation.\" \/>\n<meta property=\"og:url\" content=\"https:\/\/www.jibble.io\/fr\/aide\/puis-je-modifier-les-politiques-en-matiere-de-conges\" \/>\n<meta property=\"og:site_name\" content=\"Jibble\" \/>\n<meta property=\"article:modified_time\" content=\"2025-07-01T10:31:39+00:00\" \/>\n<meta property=\"og:image\" content=\"https:\/\/www.jibble.io\/wp-content\/uploads\/2023\/07\/FR-Time-off-type-of-compensation-768x493.png\" \/>\n<meta name=\"twitter:card\" content=\"summary_large_image\" \/>\n<meta name=\"twitter:label1\" content=\"Dur\u00e9e de lecture estim\u00e9e\" \/>\n\t<meta name=\"twitter:data1\" content=\"4 minutes\" \/>\n<script type=\"application\/ld+json\" class=\"yoast-schema-graph\">{\"@context\":\"https:\/\/schema.org\",\"@graph\":[{\"@type\":\"WebPage\",\"@id\":\"https:\/\/www.jibble.io\/fr\/aide\/puis-je-modifier-les-politiques-en-matiere-de-conges\",\"url\":\"https:\/\/www.jibble.io\/fr\/aide\/puis-je-modifier-les-politiques-en-matiere-de-conges\",\"name\":\"Puis-je modifier les politiques en mati\u00e8re de cong\u00e9s ?\",\"isPartOf\":{\"@id\":\"https:\/\/www.jibble.io\/fr#website\"},\"primaryImageOfPage\":{\"@id\":\"https:\/\/www.jibble.io\/fr\/aide\/puis-je-modifier-les-politiques-en-matiere-de-conges#primaryimage\"},\"image\":{\"@id\":\"https:\/\/www.jibble.io\/fr\/aide\/puis-je-modifier-les-politiques-en-matiere-de-conges#primaryimage\"},\"thumbnailUrl\":\"https:\/\/www.jibble.io\/wp-content\/uploads\/2023\/07\/FR-Time-off-type-of-compensation-768x493.png\",\"datePublished\":\"2023-07-11T01:22:29+00:00\",\"dateModified\":\"2025-07-01T10:31:39+00:00\",\"description\":\"Apprenez-en plus sur comment modifier vos politiques en mati\u00e8re de cong\u00e9s pour r\u00e9pondre aux besoins sp\u00e9cifiques de votre organisation.\",\"inLanguage\":\"fr-FR\",\"potentialAction\":[{\"@type\":\"ReadAction\",\"target\":[\"https:\/\/www.jibble.io\/fr\/aide\/puis-je-modifier-les-politiques-en-matiere-de-conges\"]}]},{\"@type\":\"ImageObject\",\"inLanguage\":\"fr-FR\",\"@id\":\"https:\/\/www.jibble.io\/fr\/aide\/puis-je-modifier-les-politiques-en-matiere-de-conges#primaryimage\",\"url\":\"https:\/\/www.jibble.io\/wp-content\/uploads\/2023\/07\/FR-Time-off-type-of-compensation-768x493.png\",\"contentUrl\":\"https:\/\/www.jibble.io\/wp-content\/uploads\/2023\/07\/FR-Time-off-type-of-compensation-768x493.png\"},{\"@type\":\"WebSite\",\"@id\":\"https:\/\/www.jibble.io\/fr#website\",\"url\":\"https:\/\/www.jibble.io\/fr\",\"name\":\"Jibble\",\"description\":\"Meet the new standard in time tracking software\",\"publisher\":{\"@id\":\"https:\/\/www.jibble.io\/fr#organization\"},\"potentialAction\":[{\"@type\":\"SearchAction\",\"target\":{\"@type\":\"EntryPoint\",\"urlTemplate\":\"https:\/\/www.jibble.io\/fr?s={search_term_string}\"},\"query-input\":{\"@type\":\"PropertyValueSpecification\",\"valueRequired\":true,\"valueName\":\"search_term_string\"}}],\"inLanguage\":\"fr-FR\"},{\"@type\":\"Organization\",\"@id\":\"https:\/\/www.jibble.io\/fr#organization\",\"name\":\"Jibble\",\"url\":\"https:\/\/www.jibble.io\/fr\",\"logo\":{\"@type\":\"ImageObject\",\"inLanguage\":\"fr-FR\",\"@id\":\"https:\/\/www.jibble.io\/fr#\/schema\/logo\/image\/\",\"url\":\"https:\/\/www.jibble.io\/wp-content\/uploads\/2022\/05\/Original-copy-923x1024.png\",\"contentUrl\":\"https:\/\/www.jibble.io\/wp-content\/uploads\/2022\/05\/Original-copy-923x1024.png\",\"width\":\"923\",\"height\":\"1024\",\"caption\":\"Jibble\"},\"image\":{\"@id\":\"https:\/\/www.jibble.io\/fr#\/schema\/logo\/image\/\"},\"sameAs\":[\"https:\/\/www.linkedin.com\/company\/jibble\/\"]}]}<\/script>\n<!-- \/ Yoast SEO Premium plugin. -->","yoast_head_json":{"title":"Puis-je modifier les politiques en mati\u00e8re de cong\u00e9s ?","description":"Apprenez-en plus sur comment modifier vos politiques en mati\u00e8re de cong\u00e9s pour r\u00e9pondre aux besoins sp\u00e9cifiques de votre organisation.","robots":{"index":"index","follow":"follow","max-snippet":"max-snippet:-1","max-image-preview":"max-image-preview:large","max-video-preview":"max-video-preview:-1"},"canonical":"https:\/\/www.jibble.io\/fr\/aide\/puis-je-modifier-les-politiques-en-matiere-de-conges","og_locale":"fr_FR","og_type":"article","og_title":"Puis-je modifier les politiques en mati\u00e8re de cong\u00e9s ?","og_description":"Apprenez-en plus sur comment modifier vos politiques en mati\u00e8re de cong\u00e9s pour r\u00e9pondre aux besoins sp\u00e9cifiques de votre organisation.","og_url":"https:\/\/www.jibble.io\/fr\/aide\/puis-je-modifier-les-politiques-en-matiere-de-conges","og_site_name":"Jibble","article_modified_time":"2025-07-01T10:31:39+00:00","og_image":[{"url":"https:\/\/www.jibble.io\/wp-content\/uploads\/2023\/07\/FR-Time-off-type-of-compensation-768x493.png","type":"","width":"","height":""}],"twitter_card":"summary_large_image","twitter_misc":{"Dur\u00e9e de lecture estim\u00e9e":"4 minutes"},"schema":{"@context":"https:\/\/schema.org","@graph":[{"@type":"WebPage","@id":"https:\/\/www.jibble.io\/fr\/aide\/puis-je-modifier-les-politiques-en-matiere-de-conges","url":"https:\/\/www.jibble.io\/fr\/aide\/puis-je-modifier-les-politiques-en-matiere-de-conges","name":"Puis-je modifier les politiques en mati\u00e8re de cong\u00e9s ?","isPartOf":{"@id":"https:\/\/www.jibble.io\/fr#website"},"primaryImageOfPage":{"@id":"https:\/\/www.jibble.io\/fr\/aide\/puis-je-modifier-les-politiques-en-matiere-de-conges#primaryimage"},"image":{"@id":"https:\/\/www.jibble.io\/fr\/aide\/puis-je-modifier-les-politiques-en-matiere-de-conges#primaryimage"},"thumbnailUrl":"https:\/\/www.jibble.io\/wp-content\/uploads\/2023\/07\/FR-Time-off-type-of-compensation-768x493.png","datePublished":"2023-07-11T01:22:29+00:00","dateModified":"2025-07-01T10:31:39+00:00","description":"Apprenez-en plus sur comment modifier vos politiques en mati\u00e8re de cong\u00e9s pour r\u00e9pondre aux besoins sp\u00e9cifiques de votre organisation.","inLanguage":"fr-FR","potentialAction":[{"@type":"ReadAction","target":["https:\/\/www.jibble.io\/fr\/aide\/puis-je-modifier-les-politiques-en-matiere-de-conges"]}]},{"@type":"ImageObject","inLanguage":"fr-FR","@id":"https:\/\/www.jibble.io\/fr\/aide\/puis-je-modifier-les-politiques-en-matiere-de-conges#primaryimage","url":"https:\/\/www.jibble.io\/wp-content\/uploads\/2023\/07\/FR-Time-off-type-of-compensation-768x493.png","contentUrl":"https:\/\/www.jibble.io\/wp-content\/uploads\/2023\/07\/FR-Time-off-type-of-compensation-768x493.png"},{"@type":"WebSite","@id":"https:\/\/www.jibble.io\/fr#website","url":"https:\/\/www.jibble.io\/fr","name":"Jibble","description":"Meet the new standard in time tracking software","publisher":{"@id":"https:\/\/www.jibble.io\/fr#organization"},"potentialAction":[{"@type":"SearchAction","target":{"@type":"EntryPoint","urlTemplate":"https:\/\/www.jibble.io\/fr?s={search_term_string}"},"query-input":{"@type":"PropertyValueSpecification","valueRequired":true,"valueName":"search_term_string"}}],"inLanguage":"fr-FR"},{"@type":"Organization","@id":"https:\/\/www.jibble.io\/fr#organization","name":"Jibble","url":"https:\/\/www.jibble.io\/fr","logo":{"@type":"ImageObject","inLanguage":"fr-FR","@id":"https:\/\/www.jibble.io\/fr#\/schema\/logo\/image\/","url":"https:\/\/www.jibble.io\/wp-content\/uploads\/2022\/05\/Original-copy-923x1024.png","contentUrl":"https:\/\/www.jibble.io\/wp-content\/uploads\/2022\/05\/Original-copy-923x1024.png","width":"923","height":"1024","caption":"Jibble"},"image":{"@id":"https:\/\/www.jibble.io\/fr#\/schema\/logo\/image\/"},"sameAs":["https:\/\/www.linkedin.com\/company\/jibble\/"]}]}},"_links":{"self":[{"href":"https:\/\/www.jibble.io\/fr\/wp-json\/wp\/v2\/help\/44399","targetHints":{"allow":["GET"]}}],"collection":[{"href":"https:\/\/www.jibble.io\/fr\/wp-json\/wp\/v2\/help"}],"about":[{"href":"https:\/\/www.jibble.io\/fr\/wp-json\/wp\/v2\/types\/help"}],"author":[{"embeddable":true,"href":"https:\/\/www.jibble.io\/fr\/wp-json\/wp\/v2\/users\/56"}],"version-history":[{"count":3,"href":"https:\/\/www.jibble.io\/fr\/wp-json\/wp\/v2\/help\/44399\/revisions"}],"predecessor-version":[{"id":291410,"href":"https:\/\/www.jibble.io\/fr\/wp-json\/wp\/v2\/help\/44399\/revisions\/291410"}],"wp:attachment":[{"href":"https:\/\/www.jibble.io\/fr\/wp-json\/wp\/v2\/media?parent=44399"}],"wp:term":[{"taxonomy":"collections","embeddable":true,"href":"https:\/\/www.jibble.io\/fr\/wp-json\/wp\/v2\/collections?post=44399"}],"curies":[{"name":"wp","href":"https:\/\/api.w.org\/{rel}","templated":true}]}}