{"id":110656,"date":"2024-05-06T14:34:48","date_gmt":"2024-05-06T13:34:48","guid":{"rendered":"https:\/\/www.jibble.io\/?post_type=global-labor-laws&#038;p=110656"},"modified":"2025-07-01T10:52:45","modified_gmt":"2025-07-01T09:52:45","slug":"quels-sont-les-conges-en-france","status":"publish","type":"global-labor-laws","link":"https:\/\/www.jibble.io\/fr\/code-du-travail\/code-du-travail-france\/quels-sont-les-conges-en-france","title":{"rendered":"Quels sont les cong\u00e9s en France?"},"parent":110321,"menu_order":0,"template":"","meta":{"_acf_changed":false},"article-type":[],"class_list":["post-110656","global-labor-laws","type-global-labor-laws","status-publish","hentry"],"acf":{"footer_ai_heading":"","footer_ai_fields":null,"footer_class":"","testimonials_slider_check":[],"testimonials_title":"","testimonial_list":null,"user_reviews_check":[],"user_reviews_title":"","user_reviews_list":null,"trial_check":["Yes"],"qa_component_show":["1"],"qa_component_title":"FAQ","qa_component_subtitle":"Questions pos\u00e9es fr\u00e9quemment...","qa_component_questions":[{"qa_component_question":"Quels sont les cong\u00e9s pay\u00e9s en France?","qa_component_answer":"Cela correspond \u00e0\u00a0<b>30 jours ouvrables (5 semaines) pour une ann\u00e9e compl\u00e8te de travail<\/b>. Certaines absences sont prises en compte pour le calcul des jours de cong\u00e9s. Lorsque le nombre de jours de cong\u00e9s acquis n'est pas un nombre entier, la dur\u00e9e du cong\u00e9 est port\u00e9e au nombre entier imm\u00e9diatement sup\u00e9rieur.","anchor":"cong\u00e9s-pay\u00e9s-France"},{"qa_component_question":"Que veut dire RTT pour les cong\u00e9s en France?","qa_component_answer":"<div data-hveid=\"CAEQAQ\">\r\n<div class=\"dnXCYb\" tabindex=\"0\" role=\"button\" aria-controls=\"_V6k4ZrrLE-2lkdUPzLOxgA0_3\" aria-expanded=\"true\">\r\n<div class=\"p8Jhnd\">\r\n<div class=\"aj35ze\">La <b>r\u00e9duction du temps de travail<\/b>\u00a0(RTT) est un dispositif qui pr\u00e9voit d'attribuer des journ\u00e9es ou des demi-journ\u00e9es de repos \u00e0 un salari\u00e9 dont la dur\u00e9e de travail est sup\u00e9rieure \u00e0 35 heures par semaine. Le b\u00e9n\u00e9fice des jours de RTT est fix\u00e9 par une convention ou un accord (accord d'entreprise, le plus souvent).<\/div>\r\n<\/div>\r\n<\/div>\r\n<\/div>","anchor":"veut-dire-RTT-France"},{"qa_component_question":"Est-il obligatoire de prendre des cong\u00e9s en \u00e9t\u00e9 en France?","qa_component_answer":"<div data-hveid=\"CAIQAQ\">\r\n<div class=\"dnXCYb\" tabindex=\"0\" role=\"button\" aria-controls=\"_X6k4Zp77L6yYkdUPk62N6Ak_3\" aria-expanded=\"true\">\r\n<div class=\"p8Jhnd\">\r\n<div class=\"aj35ze\"><b>Le Code du travail impose th\u00e9oriquement de poser au moins 12 jours pendant la p\u00e9riode estivale du 1er mai au 31 octobre<\/b>. Toutefois, dans la r\u00e9alit\u00e9, des accords de branche permettent bien souvent de reporter vos d'une ann\u00e9e sur l'autre.<\/div>\r\n<\/div>\r\n<\/div>\r\n<\/div>","anchor":"obligatoire-cong\u00e9-pay\u00e9-France"},{"qa_component_question":"Est-ce que les jours de cong\u00e9s non pris sont perdus ?","qa_component_answer":"Cela est possible uniquement en cas d'accord entre l'employeur et le salari\u00e9. Sauf accord ou usage dans l'entreprise pr\u00e9voyant un report de ces jours, l'employeur n'est pas oblig\u00e9 d'accepter la demande de report des cong\u00e9s. Si le report des cong\u00e9s n'est pas possible,\u00a0<b>les jours non pris ne sont pas perdus<\/b>.","anchor":"cong\u00e9s-non-pris-perdus"},{"qa_component_question":"Est-ce que mon employeur peut refuser mes vacances en France?","qa_component_answer":"Le\u00a0<b>refus<\/b>\u00a0de votre employeur ne doit pas \u00eatre abusif. Le\u00a0<b>refus<\/b>\u00a0peut \u00eatre justifi\u00e9, par exemple, par la continuit\u00e9 du service ou une forte activit\u00e9 dans l'entreprise ou des circonstances exceptionnelles. En cas de\u00a0<b>refus<\/b>\u00a0des dates propos\u00e9es, votre\u00a0<b>cong\u00e9<\/b>\u00a0devra \u00eatre pris \u00e0 une autre date.","anchor":"employeur-refuser-vacances-France"}],"user_feedback_question":"Avez-vous trouv\u00e9 l'information que vous recherchiez?","user_feedback_thank_you_text":"Merci pour votre retour!","show_general_feedback_form_on_page":true,"labor-law":"En France, les employeurs sont l\u00e9galement tenus de<a href=\"https:\/\/www.service-public.fr\/particuliers\/vosdroits\/F2258\"> fournir \u00e0 leurs employ\u00e9s <strong>divers types de cong\u00e9s<\/strong> pour r\u00e9pondre \u00e0 des situations sp\u00e9cifiques de la vie professionnelle et personnelle<\/a>. Ces cong\u00e9s comprennent les jours non travaill\u00e9s, les cong\u00e9s li\u00e9s \u00e0 l'arriv\u00e9e d'un enfant, les cong\u00e9s pour exercice d'une autre activit\u00e9, les cong\u00e9s sp\u00e9cifiques, et bien d'autres encore. Les cong\u00e9s pay\u00e9s dans le secteur priv\u00e9 sont un droit fondamental pour les salari\u00e9s, garantissant un repos r\u00e9gulier et n\u00e9cessaire. De m\u00eame, des cong\u00e9s sont accord\u00e9s en cas d'arriv\u00e9e d'un enfant, que ce soit par naissance ou adoption, ainsi que pour des situations de maladie ou d'accompagnement familial. Par ailleurs, les salari\u00e9s peuvent b\u00e9n\u00e9ficier de cong\u00e9s pour exercer d'autres activit\u00e9s telles que la cr\u00e9ation d'entreprise ou l'exercice d'un mandat politique local. En outre, des cong\u00e9s sp\u00e9cifiques sont pr\u00e9vus pour des \u00e9v\u00e9nements tels que le mariage, le Pacs ou le d\u00e9c\u00e8s d'un proche. La diversit\u00e9 des cong\u00e9s disponibles en France vise \u00e0 concilier les imp\u00e9ratifs professionnels et personnels des salari\u00e9s, tout en favorisant leur bien-\u00eatre et leur \u00e9panouissement.\r\n<h2>Cet article couvre<\/h2>\r\n<h4><a href=\"#nontravailles\">Cong\u00e9s et jours non travaill\u00e9s<\/a><\/h4>\r\n<h4><a href=\"#enfants\">Cong\u00e9s li\u00e9s \u00e0 l'arriv\u00e9e d'un enfant<\/a><\/h4>\r\n<h4><a href=\"#personnelles\">Cong\u00e9s pour raisons familiales ou personnelles<\/a><\/h4>\r\n<h4><a href=\"#activite\">Exercice d'une autre activit\u00e9<\/a><\/h4>\r\n<h4><a href=\"#specifiques\">Cong\u00e9s sp\u00e9cifiques<\/a><\/h4>\r\n[sc_fs_faq html=\"true\" headline=\"h2\" img=\"\" question=\"Cong\u00e9s et jours non travaill\u00e9s\" img_alt=\"\" css_class=\"nontravailles\"] [\/sc_fs_faq]\r\n<ul id=\"anchors\">\r\n \t<li><strong>Cong\u00e9s pay\u00e9s du salari\u00e9 dans le secteur priv\u00e9<\/strong><span style=\"font-weight: 400;\">: <\/span><span style=\"font-weight: 400;\">Qu'il travaille \u00e0 temps plein ou \u00e0 temps partiel, le salari\u00e9 b\u00e9n\u00e9ficie de 2,5 jours ouvrables.Cela correspond \u00e0 30 jours ouvrables (5 semaines) pour une ann\u00e9e compl\u00e8te de travail. Il existe des<\/span><a href=\"https:\/\/www.service-public.fr\/particuliers\/vosdroits\/F18260\"><span style=\"font-weight: 400;\"> absences <\/span><\/a><span style=\"font-weight: 400;\"><a href=\"https:\/\/www.service-public.fr\/particuliers\/vosdroits\/F18260\">prises en compte pour le calcul des jours de cong\u00e9<\/a>. Lorsque le nombre de jours de cong\u00e9s acquis n'est pas un nombre entier, la dur\u00e9e du cong\u00e9 est port\u00e9e au nombre entier imm\u00e9diatement sup\u00e9rieur.<\/span><\/li>\r\n \t<li><span style=\"font-weight: 400;\"><strong>R\u00e9duction du temps de travail (RTT)<\/strong>: <\/span><span style=\"font-weight: 400;\">La r\u00e9duction du temps de travail (RTT) est un dispositif qui pr\u00e9voit d'attribuer des journ\u00e9es ou des demi-journ\u00e9es de repos \u00e0 un salari\u00e9 dont la dur\u00e9e de travail est sup\u00e9rieure \u00e0 35 heures par semaine. Le b\u00e9n\u00e9fice des jours de RTT est fix\u00e9 par une convention ou un accord (accord d'entreprise, le plus souvent).<\/span><\/li>\r\n<\/ul>\r\n[sc_fs_faq html=\"true\" headline=\"h2\" img=\"\" question=\"Cong\u00e9s li\u00e9s \u00e0 l'arriv\u00e9e d'un enfant\" img_alt=\"\" css_class=\"enfants\"] [\/sc_fs_faq]\r\n<ul id=\"anchors\">\r\n \t<li><span style=\"font-weight: 400;\"><strong>Cong\u00e9 maternit\u00e9<\/strong>: Vous b\u00e9n\u00e9ficiez d'un cong\u00e9 de maternit\u00e9 qui comporte une p\u00e9riode avant votre accouchement (dit cong\u00e9 pr\u00e9natal) et une p\u00e9riode apr\u00e8s votre accouchement (dit cong\u00e9 postnatal). La dur\u00e9e du cong\u00e9 varie en fonction du nombre d'enfants \u00e0 na\u00eetre ou d\u00e9j\u00e0 \u00e0 votre charge. Vous b\u00e9n\u00e9ficiez d'une indemnisation vers\u00e9e par la S\u00e9curit\u00e9 sociale.<\/span><\/li>\r\n \t<li><span style=\"font-weight: 400;\"><strong>Cong\u00e9 de paternit\u00e9 et d'accueil de l'enfant<\/strong>: \u00c0 l'occasion de la naissance de votre enfant, vous b\u00e9n\u00e9ficiez d'un cong\u00e9 en tant que salari\u00e9 et p\u00e8re de l'enfant. Si vous \u00eates en couple\u00a0 et que vous vivez avec la m\u00e8re de l'enfant, vous pouvez \u00e9galement b\u00e9n\u00e9ficier du cong\u00e9.<\/span><\/li>\r\n \t<li><span style=\"font-weight: 400;\"><strong>Cong\u00e9 en cas d'hospitalisation imm\u00e9diate de l'enfant apr\u00e8s sa naissance<\/strong>: Le p\u00e8re salari\u00e9 a droit \u00e0 un cong\u00e9 sp\u00e9cifique de paternit\u00e9 et d'accueil de l'enfant si ce dernier est hospitalis\u00e9 imm\u00e9diatement apr\u00e8s sa naissance dans une unit\u00e9 de soins sp\u00e9cialis\u00e9s. Si la m\u00e8re de l'enfant vit avec une autre personne salari\u00e9e, la personne salari\u00e9e a \u00e9galement droit au cong\u00e9. Le salari\u00e9 doit respecter certaines conditions (d\u00e9marches, date de d\u00e9part en cong\u00e9, dur\u00e9e maximale du cong\u00e9). Il a droit \u00e0 une indemnisation vers\u00e9e par la S\u00e9curit\u00e9 sociale.<\/span><\/li>\r\n \t<li><span style=\"font-weight: 400;\"><strong>Cong\u00e9 d'adoption<\/strong>: Le cong\u00e9 d'adoption est ouvert \u00e0 tout salari\u00e9 qui s'est vu confier un enfant: s<\/span><span style=\"font-weight: 400;\">oit par le service d'aide sociale \u00e0 l'enfance (ASE), s<\/span><span style=\"font-weight: 400;\">oit par l'Agence fran\u00e7aise de l'adoption (AFA), s<\/span><span style=\"font-weight: 400;\">oit par un organisme fran\u00e7ais autoris\u00e9 pour l'adoption, s<\/span><span style=\"font-weight: 400;\">oit par d\u00e9cision de l'autorit\u00e9 \u00e9trang\u00e8re comp\u00e9tente, \u00e0 condition que l'enfant ait \u00e9t\u00e9 autoris\u00e9, \u00e0 ce titre, \u00e0 entrer en France <\/span>Le cong\u00e9 d'adoption peut \u00eatre r\u00e9parti entre les 2 parents. Le cong\u00e9 peut \u00eatre fractionn\u00e9 uniquement en 2 p\u00e9riodes maximum, d'une dur\u00e9e minimale au moins \u00e9gale \u00e0 25 jours chacune (ou 32 jours en cas d'adoptions multiples). Ces 2 p\u00e9riodes peuvent se suivre ou \u00eatre prises simultan\u00e9ment.<\/li>\r\n \t<li><span style=\"font-weight: 400;\"><strong>Cong\u00e9 de 3 jours pour naissance ou adoption<\/strong>: Vous b\u00e9n\u00e9ficiez de jours de cong\u00e9s en tant que salari\u00e9 (en CDI ou en CDD, \u00e0 temps plein ou \u00e0 temps partiel) pour l'arriv\u00e9e dans votre foyer d'un enfant plac\u00e9 en vue de son adoption. <\/span>Vous b\u00e9n\u00e9ficiez du cong\u00e9 de naissance sans condition d'anciennet\u00e9 dans votre entreprise. Vous devez travailler en France. Aucune condition de nationalit\u00e9 ou de naissance en France de l'enfant n'est impos\u00e9e. La dur\u00e9e du cong\u00e9 est fix\u00e9e \u00e0 3 jours ouvrables pour l'arriv\u00e9e au foyer d'un enfant plac\u00e9 en vue de son adoption. La dur\u00e9e peut \u00eatre plus \u00e9lev\u00e9e si elle est pr\u00e9vue par des dispositions conventionnelles:<\/li>\r\n \t<li><span style=\"font-weight: 400;\"><strong>Cong\u00e9 parental \u00e0 temps plein<\/strong>: \u00c0 l'occasion de la naissance ou de l'arriv\u00e9e au foyer d'un enfant, le salari\u00e9 peut arr\u00eater de travailler pour s'occuper de l'enfant. Dans ce cas, il b\u00e9n\u00e9ficie d'un cong\u00e9 parental d'\u00e9ducation, sous conditions d'anciennet\u00e9. La dur\u00e9e du cong\u00e9 varie en fonction du nombre d\u2019enfants n\u00e9s ou adopt\u00e9s simultan\u00e9ment. Les r\u00e8gles sont diff\u00e9rentes pour le salari\u00e9 d'un particulier employeur.\u00a0<\/span><\/li>\r\n<\/ul>\r\n[sc_fs_faq html=\"true\" headline=\"h2\" img=\"\" question=\"Cong\u00e9s pour raisons familiales ou personnelles\" img_alt=\"\" css_class=\"personnelles\"] [\/sc_fs_faq]\r\n<ul id=\"anchors\">\r\n \t<li><span style=\"font-weight: 400;\"><strong>Cong\u00e9 pour enfant malade<\/strong>: Vous pouvez b\u00e9n\u00e9ficier d'un cong\u00e9 en tant que salari\u00e9 si votre enfant est malade ou accident. Votre enfant doit avoir moins de 16 ans. Vous devez en assumer la <\/span><a href=\"https:\/\/www.service-public.fr\/particuliers\/vosdroits\/F16947\"><span style=\"font-weight: 400;\">charge<\/span><\/a><span style=\"font-weight: 400;\">. Vous b\u00e9n\u00e9ficiez du cong\u00e9 quelle que soit votre nationalit\u00e9 si vous \u00eates en situation r\u00e9guli\u00e8re. En cas g\u00e9n\u00e9ral, La dur\u00e9e maximale l\u00e9gale du cong\u00e9 pour enfant malade est fix\u00e9e \u00e0 3 jours par an. La convention collective\u00a0 peut accorder une dur\u00e9e de cong\u00e9 pour enfant malade plus longue.<\/span><\/li>\r\n \t<li><span style=\"font-weight: 400;\"><strong>Cong\u00e9 de pr\u00e9sence parentale<\/strong>: Vous pouvez prendre un cong\u00e9 de pr\u00e9sence parentale si votre enfant \u00e0 charge est atteint d'une maladie, d'un handicap ou victime d'un accident d'une particuli\u00e8re gravit\u00e9. <\/span>C'est le cas si l'\u00e9tat de sant\u00e9 de votre enfant \u00e0 charge n\u00e9cessite une pr\u00e9sence soutenue et des soins contraignants. L'enfant doit r\u00e9pondre aux 3 conditions suivantes: Avoir moins de 20 ans, ne pas percevoir un salaire mensuel brut sup\u00e9rieur \u00e0 1 082,87 \u20ac, Ne pas b\u00e9n\u00e9ficier \u00e0 titre personnel d'une allocation logement ou d'une prestation familiale. Aucune condition d'anciennet\u00e9 n'est exig\u00e9e.<\/li>\r\n \t<li><strong>Cong\u00e9 de proche aidant<\/strong>: Le cong\u00e9 de proche aidant permet au salari\u00e9 de s'occuper d'une personne handicap\u00e9e ou \u00e2g\u00e9e ou en perte d'autonomie. Ce cong\u00e9 est accessible sous conditions (lien familial ou \u00e9troit avec la personne aid\u00e9e, r\u00e9sidence en France de la personne aid\u00e9e) et pour une dur\u00e9e limit\u00e9e. Nous vous pr\u00e9sentons les informations \u00e0 conna\u00eetre. La dur\u00e9e maximale du cong\u00e9 de proche aidant est fix\u00e9e par convention collective ou accord collectif d'entreprise ou accord de branche \u00e9tendu. En l'absence de dispositions conventionnelles , la dur\u00e9e maximale du cong\u00e9 est de 3 mois. Le cong\u00e9 peut \u00eatre renouvel\u00e9. Toutefois, le cong\u00e9 ne peut pas d\u00e9passer 1 an sur l'ensemble de la carri\u00e8re du salari\u00e9.<\/li>\r\n \t<li><strong>Cong\u00e9 de solidarit\u00e9 familiale<\/strong>: Si vous \u00eates salari\u00e9, le cong\u00e9 de solidarit\u00e9 familiale vous permet de vous absenter pour assister l'un de vos proches en fin de vie. Votre proche doit se trouver en phase avanc\u00e9e ou terminale d'une affection grave et incurable (quelle qu'en soit la cause). Vous devez d\u00e9terminer la dur\u00e9e de votre cong\u00e9 de solidarit\u00e9 familiale avec votre employeur. Toutefois, votre cong\u00e9 ne peut pas d\u00e9passer une dur\u00e9e maximale (renouvellements compris). La dur\u00e9e du cong\u00e9 est fix\u00e9e par la <a href=\"https:\/\/www.service-public.fr\/particuliers\/vosdroits\/F78\">convention collective<\/a> ou l'accord collectif d'entreprise. R\u00e9sultat des n\u00e9gociations men\u00e9es entre les partenaires sociaux (employeurs et salari\u00e9s).\u00a0 En l'absence de dispositions conventionnelles, la dur\u00e9e du cong\u00e9 est de 3 mois, renouvelable une fois.<\/li>\r\n \t<li><span style=\"font-weight: 400;\"><strong>Allocation journali\u00e8re d'accompagnement d'une personne en fin de vie<\/strong>: L'allocation journali\u00e8re d'accompagnement d'une personne en fin de vie (AJAP) est vers\u00e9e au salari\u00e9 qui est en cong\u00e9 de solidarit\u00e9 familiale. Un travailleur ind\u00e9pendant ou un demandeur d'emploi peut aussi percevoir l'AJAP. Les conditions de versement de l'allocation varie selon la situation du demandeur. Nous vous pr\u00e9sentons les informations \u00e0 conna\u00eetre.<\/span><\/li>\r\n \t<li><span style=\"font-weight: 400;\"><strong>Survenue du handicap d'un enfant<\/strong>: Vous avez droit \u00e0 un cong\u00e9 sp\u00e9cifique \u00e0 la survenue d'un handicap, d'une pathologie chronique n\u00e9cessitant un apprentissage th\u00e9rapeutique ou d'un cancer de votre enfant. Aucune condition d'anciennet\u00e9 n'est exig\u00e9e pour avoir droit au cong\u00e9. La dur\u00e9e du cong\u00e9 est de 5 jours ouvrables. Des dispositions conventionnelles peuvent pr\u00e9voir une dur\u00e9e plus \u00e9lev\u00e9e. La dur\u00e9e du cong\u00e9 n'est pas d\u00e9duite du nombre de vos jours de cong\u00e9s pay\u00e9s annuels.<\/span><\/li>\r\n \t<li><span style=\"font-weight: 400;\"><strong>Don de jours de repos pour enfant gravement malade<\/strong>: Le don de jours de repos est un dispositif permettant \u00e0 tout salari\u00e9 de renoncer \u00e0 tout ou partie de ses jours de repos non pris au profit d'un autre salari\u00e9 de l'entreprise. Le don de jours est fait de mani\u00e8re anonyme et sans contrepartie.<\/span><\/li>\r\n \t<li><span style=\"font-weight: 400;\"><strong>Don de jours de repos \u00e0 un salari\u00e9 dont l'enfant est d\u00e9c\u00e9d\u00e9<\/strong>: Un salari\u00e9 peut renoncer, anonymement, \u00e0 l'ensemble ou \u00e0 une partie de ses jours de repos non pris au profit d'un coll\u00e8gue de travail. <\/span>Ces jours de repos non pris sont alors donn\u00e9s au coll\u00e8gue de travail dont l'enfant est d\u00e9c\u00e9d\u00e9.<\/li>\r\n<\/ul>\r\n[sc_fs_faq html=\"true\" headline=\"h2\" img=\"\" question=\"Exercice d'une autre activit\u00e9\" img_alt=\"\" css_class=\"activite\"] [\/sc_fs_faq]\r\n<ul id=\"anchors\">\r\n \t<li><span style=\"font-weight: 400;\"><strong>Cr\u00e9ation ou reprise d'entreprise<\/strong>: Le salari\u00e9 doit avoir 24 mois d'anciennet\u00e9, cons\u00e9cutifs ou non, dans l'entreprise. <\/span><span style=\"font-weight: 400;\">Toutefois, l'anciennet\u00e9 de 24 mois peut \u00eatre diff\u00e9rente si une convention collective ou un accord collectif d'entreprise le pr\u00e9cise. Le salari\u00e9 choisit la dur\u00e9e du cong\u00e9 qu'il souhaite en respectant la dur\u00e9e maximale du cong\u00e9 fix\u00e9e par convention collective ou accord collectif d'entreprise. En l'absence de convention collective ou accord, la dur\u00e9e maximale ne peut pas d\u00e9passer 1 an et est renouvelable 1 ann\u00e9e suppl\u00e9mentaire.<\/span><\/li>\r\n \t<li><span style=\"font-weight: 400;\"><strong>Exercice d'un mandat politique local<\/strong>: Le salari\u00e9 exer\u00e7ant un mandat local peut b\u00e9n\u00e9ficier d'autorisations d'absence et d'un cr\u00e9dit d'heures lui permettant de remplir ses obligations d'\u00e9lu. Ces droits varient en fonction du mandat du salari\u00e9 (\u00e9lu municipal, d\u00e9partemental ou r\u00e9gional).<\/span><\/li>\r\n<\/ul>\r\n[sc_fs_faq html=\"true\" headline=\"h2\" img=\"\" question=\"Quels sont les cong\u00e9s sp\u00e9cifiques?\" img_alt=\"\" css_class=\"specifiques\"]\r\n<ul id=\"anchors\">\r\n \t<li><span style=\"font-weight: 400;\"><strong>Mariage ou Pacs<\/strong>: Vous b\u00e9n\u00e9ficiez en tant que salari\u00e9 d'un cong\u00e9 sp\u00e9cifique \u00e0 l'occasion de votre mariage ou de la conclusion d'un Pacs. La dur\u00e9e du cong\u00e9 est de 4 jours. Vos journ\u00e9es d'absence sont compt\u00e9es en jours ouvrables. La dur\u00e9e de votre cong\u00e9 pour Pacs ne peut pas \u00eatre d\u00e9duite du nombre de vos jours de <\/span><a href=\"https:\/\/www.service-public.fr\/particuliers\/vosdroits\/F2258\"><span style=\"font-weight: 400;\">cong\u00e9s pay\u00e9s<\/span><\/a><span style=\"font-weight: 400;\"> annuels.<\/span><\/li>\r\n \t<li><span style=\"font-weight: 400;\"><strong>Mariage de son enfant<\/strong>: Tout salari\u00e9 peut b\u00e9n\u00e9ficier d'un cong\u00e9 \u00e0 l'occasion du mariage de son enfant. Il n'y a pas de condition d'anciennet\u00e9. La dur\u00e9e du cong\u00e9 est de 1 jour ouvrable. Mais des dispositions conventionnelles peuvent pr\u00e9voir une dur\u00e9e plus \u00e9lev\u00e9e.<\/span><\/li>\r\n \t<li><span style=\"font-weight: 400;\"><strong>D\u00e9c\u00e8s d'un membre de sa famille<\/strong>: Tout salari\u00e9 peut obtenir un cong\u00e9 en cas de d\u00e9c\u00e8s d'un membre de sa famille, sans condition d'anciennet\u00e9. Des dispositions conventionnelles\u00a0 pr\u00e9cisent le nombre de jours d'absence auxquels vous avez droit en cas de d\u00e9c\u00e8s d'un membre de votre famille. En l'absence de dispositions, vous avez droit \u00e0 un nombre minimal de jours. La dur\u00e9e du cong\u00e9 varie en fonction du lien de parent\u00e9 avec la personne d\u00e9c\u00e9d\u00e9e.<\/span><\/li>\r\n \t<li><strong>Cong\u00e9 sabbatique<\/strong><span style=\"font-weight: 400;\">: Le cong\u00e9 sabbatique est un cong\u00e9 pour convenance personnelle accord\u00e9 au salari\u00e9. Le salari\u00e9 peut en b\u00e9n\u00e9ficier s'il r\u00e9pond \u00e0 plusieurs conditions. L'employeur n'a pas l'obligation d'accorder un cong\u00e9 sabbatique. Le cong\u00e9 comporte une dur\u00e9e minimale et une dur\u00e9e maximale. Durant le cong\u00e9 sabbatique, le contrat de travail du salari\u00e9 est suspendu. La dur\u00e9e du cong\u00e9 varie de 6 mois minimum \u00e0 11 mois maximum. Toutefois, une convention collective ou un accord collectif d'entreprise\u00a0 peut pr\u00e9voir des dur\u00e9es diff\u00e9rentes.<\/span><\/li>\r\n \t<li><b>Cong\u00e9 pour jours f\u00e9ri\u00e9s en France<\/b><span style=\"font-weight: 400;\"> - En France, les employeurs sont tenus de respecter les jours f\u00e9ri\u00e9s l\u00e9galement reconnus.\u00a0<\/span><\/li>\r\n<\/ul>\r\n<table>\r\n<tbody>\r\n<tr>\r\n<td style=\"text-align: center;\"><span style=\"font-weight: 400;\"><strong>Nom du jour f\u00e9ri\u00e9\u00a0<\/strong>\u00a0\u00a0<\/span><\/td>\r\n<td style=\"text-align: center;\"><strong>Date<\/strong><\/td>\r\n<\/tr>\r\n<tr>\r\n<td style=\"text-align: center;\"><span style=\"font-weight: 400;\">Jour de l'An\u00a0\u00a0\u00a0\u00a0\u00a0\u00a0\u00a0<\/span><\/td>\r\n<td style=\"text-align: center;\"><span style=\"font-weight: 400;\">1er janvier<\/span><\/td>\r\n<\/tr>\r\n<tr>\r\n<td style=\"text-align: center;\"><span style=\"font-weight: 400;\">Lundi de P\u00e2ques\u00a0\u00a0\u00a0\u00a0\u00a0\u00a0<\/span><\/td>\r\n<td style=\"text-align: center;\"><span style=\"font-weight: 400;\">Variable (un lundi en mars ou avril)<\/span><\/td>\r\n<\/tr>\r\n<tr>\r\n<td style=\"text-align: center;\"><span style=\"font-weight: 400;\">F\u00eate du Travail\u00a0\u00a0\u00a0\u00a0\u00a0\u00a0\u00a0<\/span><\/td>\r\n<td style=\"text-align: center;\"><span style=\"font-weight: 400;\">1er mai<\/span><\/td>\r\n<\/tr>\r\n<tr>\r\n<td style=\"text-align: center;\"><span style=\"font-weight: 400;\">Victoire 1945\u00a0\u00a0\u00a0\u00a0\u00a0\u00a0<\/span><\/td>\r\n<td style=\"text-align: center;\"><span style=\"font-weight: 400;\">8 mai<\/span><\/td>\r\n<\/tr>\r\n<tr>\r\n<td style=\"text-align: center;\"><span style=\"font-weight: 400;\">Ascension\u00a0\u00a0\u00a0\u00a0\u00a0<\/span><\/td>\r\n<td style=\"text-align: center;\"><span style=\"font-weight: 400;\">Variable (un jeudi, 40 jours apr\u00e8s P\u00e2ques)<\/span><\/td>\r\n<\/tr>\r\n<tr>\r\n<td style=\"text-align: center;\"><span style=\"font-weight: 400;\">Lundi de Pentec\u00f4te\u00a0\u00a0\u00a0<\/span><\/td>\r\n<td style=\"text-align: center;\"><span style=\"font-weight: 400;\">Variable (un lundi, 50 jours apr\u00e8s P\u00e2ques)<\/span><\/td>\r\n<\/tr>\r\n<tr>\r\n<td style=\"text-align: center;\"><span style=\"font-weight: 400;\">F\u00eate Nationale\u00a0\u00a0\u00a0<\/span><\/td>\r\n<td style=\"text-align: center;\"><span style=\"font-weight: 400;\">14 juillet<\/span><\/td>\r\n<\/tr>\r\n<tr>\r\n<td style=\"text-align: center;\"><span style=\"font-weight: 400;\">Assomption\u00a0\u00a0\u00a0\u00a0<\/span><\/td>\r\n<td style=\"text-align: center;\"><span style=\"font-weight: 400;\">15 ao\u00fbt<\/span><\/td>\r\n<\/tr>\r\n<tr>\r\n<td style=\"text-align: center;\"><span style=\"font-weight: 400;\">Toussaint\u00a0\u00a0\u00a0\u00a0<\/span><\/td>\r\n<td style=\"text-align: center;\"><span style=\"font-weight: 400;\">1er novembre<\/span><\/td>\r\n<\/tr>\r\n<tr>\r\n<td style=\"text-align: center;\"><span style=\"font-weight: 400;\">Armistice 1918\u00a0\u00a0\u00a0\u00a0\u00a0<\/span><\/td>\r\n<td style=\"text-align: center;\"><span style=\"font-weight: 400;\">11 novembre<\/span><\/td>\r\n<\/tr>\r\n<tr>\r\n<td style=\"text-align: center;\"><span style=\"font-weight: 400;\">No\u00ebl\u00a0\u00a0\u00a0\u00a0\u00a0\u00a0\u00a0\u00a0<\/span><\/td>\r\n<td style=\"text-align: center;\"><span style=\"font-weight: 400;\">25 d\u00e9cembre<\/span><\/td>\r\n<\/tr>\r\n<\/tbody>\r\n<\/table>\r\n[\/sc_fs_faq]\r\n<h2>Articles connexes<\/h2>\r\n<ul id=\"anchors\">\r\n \t<li><a href=\"https:\/\/www.jibble.io\/fr\/code-du-travail\/code-du-travail-france\">Code du travail en France<\/a><\/li>\r\n \t<li><a href=\"https:\/\/www.jibble.io\/fr\/code-du-travail\/code-du-travail-france\/lois-sur-la-reconnaissance-faciale-en-france\">Lois sur la reconnaissance faciale en France<\/a><\/li>\r\n \t<li><a href=\"https:\/\/www.jibble.io\/fr\/code-du-travail\/code-du-travail-france\/lois-sur-la-tenue-des-registres-en-france\">Lois sur la tenue des registres en France<\/a><\/li>\r\n \t<li><a href=\"https:\/\/www.jibble.io\/fr\/code-du-travail\/code-du-travail-france\/lois-sur-le-suivi-gps-en-france\">Lois sur le suivi GPS en France<\/a><\/li>\r\n \t<li><a href=\"https:\/\/www.jibble.io\/fr\/code-du-travail\/code-du-travail-france\/quelles-sont-les-obligations-de-l-employeur\">Lois sur les obligations des employeurs en France<\/a><\/li>\r\n \t<li><a href=\"https:\/\/www.jibble.io\/fr\/code-du-travail\/code-du-travail-france\/lois-travail-mineurs-france\">Lois sur le travail des mineurs en France<\/a><\/li>\r\n \t<li><a href=\"https:\/\/www.jibble.io\/fr\/code-du-travail\/code-du-travail-france\/differents-types-contrat-travail-france\">Quels sont les diff\u00e9rents types de contrat de travail en France?\u00a0<\/a><\/li>\r\n \t<li><a href=\"https:\/\/www.jibble.io\/fr\/code-du-travail\/code-du-travail-france\/lois-pour-vous-separer-d-un-employe-en-france\">Comment se s\u00e9parer d\u2019un employ\u00e9 en France?<\/a><\/li>\r\n<\/ul>","hide_back_to_labor_law_button":false},"yoast_head":"<!-- This site is optimized with the Yoast SEO Premium plugin v26.8 (Yoast SEO v26.8) - https:\/\/yoast.com\/product\/yoast-seo-premium-wordpress\/ -->\n<title>Quels sont les cong\u00e9s en France? | Jibble<\/title>\n<meta name=\"description\" content=\"D\u00e9couvrez tous les types de cong\u00e9 en France, des cong\u00e9s de maternit\u00e9, pour maladie, pour d\u00e9c\u00e8s, aux cong\u00e9s pour cr\u00e9ation d&#039;entreprise.\" \/>\n<meta name=\"robots\" content=\"index, follow, max-snippet:-1, max-image-preview:large, max-video-preview:-1\" \/>\n<link rel=\"canonical\" href=\"https:\/\/www.jibble.io\/fr\/code-du-travail\/code-du-travail-france\/quels-sont-les-conges-en-france\" \/>\n<meta property=\"og:locale\" content=\"fr_FR\" \/>\n<meta property=\"og:type\" content=\"article\" \/>\n<meta property=\"og:title\" content=\"Quels sont les cong\u00e9s en France? | Jibble\" \/>\n<meta property=\"og:description\" content=\"D\u00e9couvrez tous les types de cong\u00e9 en France, des cong\u00e9s de maternit\u00e9, pour maladie, pour d\u00e9c\u00e8s, aux cong\u00e9s pour cr\u00e9ation d&#039;entreprise.\" \/>\n<meta property=\"og:url\" content=\"https:\/\/www.jibble.io\/fr\/code-du-travail\/code-du-travail-france\/quels-sont-les-conges-en-france\" \/>\n<meta property=\"og:site_name\" content=\"Jibble\" \/>\n<meta property=\"article:modified_time\" content=\"2025-07-01T09:52:45+00:00\" \/>\n<meta name=\"twitter:card\" content=\"summary_large_image\" \/>\n<meta name=\"twitter:label1\" content=\"Dur\u00e9e de lecture estim\u00e9e\" \/>\n\t<meta name=\"twitter:data1\" content=\"11 minutes\" \/>\n<script type=\"application\/ld+json\" class=\"yoast-schema-graph\">{\"@context\":\"https:\/\/schema.org\",\"@graph\":[{\"@type\":\"WebPage\",\"@id\":\"https:\/\/www.jibble.io\/fr\/code-du-travail\/code-du-travail-france\/quels-sont-les-conges-en-france\",\"url\":\"https:\/\/www.jibble.io\/fr\/code-du-travail\/code-du-travail-france\/quels-sont-les-conges-en-france\",\"name\":\"Quels sont les cong\u00e9s en France? | Jibble\",\"isPartOf\":{\"@id\":\"https:\/\/www.jibble.io\/#website\"},\"datePublished\":\"2024-05-06T13:34:48+00:00\",\"dateModified\":\"2025-07-01T09:52:45+00:00\",\"description\":\"D\u00e9couvrez tous les types de cong\u00e9 en France, des cong\u00e9s de maternit\u00e9, pour maladie, pour d\u00e9c\u00e8s, aux cong\u00e9s pour cr\u00e9ation d'entreprise.\",\"breadcrumb\":{\"@id\":\"https:\/\/www.jibble.io\/fr\/code-du-travail\/code-du-travail-france\/quels-sont-les-conges-en-france#breadcrumb\"},\"inLanguage\":\"fr-FR\",\"potentialAction\":[{\"@type\":\"ReadAction\",\"target\":[\"https:\/\/www.jibble.io\/fr\/code-du-travail\/code-du-travail-france\/quels-sont-les-conges-en-france\"]}]},{\"@type\":\"BreadcrumbList\",\"@id\":\"https:\/\/www.jibble.io\/fr\/code-du-travail\/code-du-travail-france\/quels-sont-les-conges-en-france#breadcrumb\",\"itemListElement\":[{\"@type\":\"ListItem\",\"position\":1,\"name\":\"Droit du travail en France\",\"item\":\"https:\/\/www.jibble.io\/fr\/code-du-travail\/code-du-travail-france\"},{\"@type\":\"ListItem\",\"position\":2,\"name\":\"Quels sont les cong\u00e9s en France?\"}]},{\"@type\":\"WebSite\",\"@id\":\"https:\/\/www.jibble.io\/#website\",\"url\":\"https:\/\/www.jibble.io\/\",\"name\":\"Jibble\",\"description\":\"Meet the new standard in time tracking software\",\"publisher\":{\"@id\":\"https:\/\/www.jibble.io\/#organization\"},\"potentialAction\":[{\"@type\":\"SearchAction\",\"target\":{\"@type\":\"EntryPoint\",\"urlTemplate\":\"https:\/\/www.jibble.io\/?s={search_term_string}\"},\"query-input\":{\"@type\":\"PropertyValueSpecification\",\"valueRequired\":true,\"valueName\":\"search_term_string\"}}],\"inLanguage\":\"fr-FR\"},{\"@type\":\"Organization\",\"@id\":\"https:\/\/www.jibble.io\/#organization\",\"name\":\"Jibble\",\"url\":\"https:\/\/www.jibble.io\/\",\"logo\":{\"@type\":\"ImageObject\",\"inLanguage\":\"fr-FR\",\"@id\":\"https:\/\/www.jibble.io\/#\/schema\/logo\/image\/\",\"url\":\"https:\/\/www.jibble.io\/wp-content\/uploads\/2022\/05\/Original-copy-923x1024.png\",\"contentUrl\":\"https:\/\/www.jibble.io\/wp-content\/uploads\/2022\/05\/Original-copy-923x1024.png\",\"width\":\"923\",\"height\":\"1024\",\"caption\":\"Jibble\"},\"image\":{\"@id\":\"https:\/\/www.jibble.io\/#\/schema\/logo\/image\/\"},\"sameAs\":[\"https:\/\/www.linkedin.com\/company\/jibble\/\"]}]}<\/script>\n<!-- \/ Yoast SEO Premium plugin. -->","yoast_head_json":{"title":"Quels sont les cong\u00e9s en France? | Jibble","description":"D\u00e9couvrez tous les types de cong\u00e9 en France, des cong\u00e9s de maternit\u00e9, pour maladie, pour d\u00e9c\u00e8s, aux cong\u00e9s pour cr\u00e9ation d'entreprise.","robots":{"index":"index","follow":"follow","max-snippet":"max-snippet:-1","max-image-preview":"max-image-preview:large","max-video-preview":"max-video-preview:-1"},"canonical":"https:\/\/www.jibble.io\/fr\/code-du-travail\/code-du-travail-france\/quels-sont-les-conges-en-france","og_locale":"fr_FR","og_type":"article","og_title":"Quels sont les cong\u00e9s en France? | Jibble","og_description":"D\u00e9couvrez tous les types de cong\u00e9 en France, des cong\u00e9s de maternit\u00e9, pour maladie, pour d\u00e9c\u00e8s, aux cong\u00e9s pour cr\u00e9ation d'entreprise.","og_url":"https:\/\/www.jibble.io\/fr\/code-du-travail\/code-du-travail-france\/quels-sont-les-conges-en-france","og_site_name":"Jibble","article_modified_time":"2025-07-01T09:52:45+00:00","twitter_card":"summary_large_image","twitter_misc":{"Dur\u00e9e de lecture estim\u00e9e":"11 minutes"},"schema":{"@context":"https:\/\/schema.org","@graph":[{"@type":"WebPage","@id":"https:\/\/www.jibble.io\/fr\/code-du-travail\/code-du-travail-france\/quels-sont-les-conges-en-france","url":"https:\/\/www.jibble.io\/fr\/code-du-travail\/code-du-travail-france\/quels-sont-les-conges-en-france","name":"Quels sont les cong\u00e9s en France? | Jibble","isPartOf":{"@id":"https:\/\/www.jibble.io\/#website"},"datePublished":"2024-05-06T13:34:48+00:00","dateModified":"2025-07-01T09:52:45+00:00","description":"D\u00e9couvrez tous les types de cong\u00e9 en France, des cong\u00e9s de maternit\u00e9, pour maladie, pour d\u00e9c\u00e8s, aux cong\u00e9s pour cr\u00e9ation d'entreprise.","breadcrumb":{"@id":"https:\/\/www.jibble.io\/fr\/code-du-travail\/code-du-travail-france\/quels-sont-les-conges-en-france#breadcrumb"},"inLanguage":"fr-FR","potentialAction":[{"@type":"ReadAction","target":["https:\/\/www.jibble.io\/fr\/code-du-travail\/code-du-travail-france\/quels-sont-les-conges-en-france"]}]},{"@type":"BreadcrumbList","@id":"https:\/\/www.jibble.io\/fr\/code-du-travail\/code-du-travail-france\/quels-sont-les-conges-en-france#breadcrumb","itemListElement":[{"@type":"ListItem","position":1,"name":"Droit du travail en France","item":"https:\/\/www.jibble.io\/fr\/code-du-travail\/code-du-travail-france"},{"@type":"ListItem","position":2,"name":"Quels sont les cong\u00e9s en France?"}]},{"@type":"WebSite","@id":"https:\/\/www.jibble.io\/#website","url":"https:\/\/www.jibble.io\/","name":"Jibble","description":"Meet the new standard in time tracking software","publisher":{"@id":"https:\/\/www.jibble.io\/#organization"},"potentialAction":[{"@type":"SearchAction","target":{"@type":"EntryPoint","urlTemplate":"https:\/\/www.jibble.io\/?s={search_term_string}"},"query-input":{"@type":"PropertyValueSpecification","valueRequired":true,"valueName":"search_term_string"}}],"inLanguage":"fr-FR"},{"@type":"Organization","@id":"https:\/\/www.jibble.io\/#organization","name":"Jibble","url":"https:\/\/www.jibble.io\/","logo":{"@type":"ImageObject","inLanguage":"fr-FR","@id":"https:\/\/www.jibble.io\/#\/schema\/logo\/image\/","url":"https:\/\/www.jibble.io\/wp-content\/uploads\/2022\/05\/Original-copy-923x1024.png","contentUrl":"https:\/\/www.jibble.io\/wp-content\/uploads\/2022\/05\/Original-copy-923x1024.png","width":"923","height":"1024","caption":"Jibble"},"image":{"@id":"https:\/\/www.jibble.io\/#\/schema\/logo\/image\/"},"sameAs":["https:\/\/www.linkedin.com\/company\/jibble\/"]}]}},"_links":{"self":[{"href":"https:\/\/www.jibble.io\/fr\/wp-json\/wp\/v2\/global-labor-laws\/110656","targetHints":{"allow":["GET"]}}],"collection":[{"href":"https:\/\/www.jibble.io\/fr\/wp-json\/wp\/v2\/global-labor-laws"}],"about":[{"href":"https:\/\/www.jibble.io\/fr\/wp-json\/wp\/v2\/types\/global-labor-laws"}],"version-history":[{"count":3,"href":"https:\/\/www.jibble.io\/fr\/wp-json\/wp\/v2\/global-labor-laws\/110656\/revisions"}],"predecessor-version":[{"id":291359,"href":"https:\/\/www.jibble.io\/fr\/wp-json\/wp\/v2\/global-labor-laws\/110656\/revisions\/291359"}],"up":[{"embeddable":true,"href":"https:\/\/www.jibble.io\/fr\/wp-json\/wp\/v2\/global-labor-laws\/110321"}],"wp:attachment":[{"href":"https:\/\/www.jibble.io\/fr\/wp-json\/wp\/v2\/media?parent=110656"}],"wp:term":[{"taxonomy":"article-type","embeddable":true,"href":"https:\/\/www.jibble.io\/fr\/wp-json\/wp\/v2\/article-type?post=110656"}],"curies":[{"name":"wp","href":"https:\/\/api.w.org\/{rel}","templated":true}]}}