{"id":61667,"date":"2023-04-19T09:14:32","date_gmt":"2023-04-19T08:14:32","guid":{"rendered":"https:\/\/www.jibble.io\/help\/how-to-use-shortened-days-in-jibble"},"modified":"2025-12-05T00:49:37","modified_gmt":"2025-12-05T00:49:37","slug":"como-usar-jornadas-reducidas-en-jibble","status":"publish","type":"help","link":"https:\/\/www.jibble.io\/es\/ayuda\/como-usar-jornadas-reducidas-en-jibble","title":{"rendered":"\u00bfC\u00f3mo utilizar jornadas reducidas en Jibble?"},"content":{"rendered":"<p>La funci\u00f3n de jornadas reducidas es muy \u00fatil para las empresas que tienen d\u00edas concretos en los que los miembros del equipo deben trabajar menos horas de lo habitual. Permite crear una disposici\u00f3n de jornada reducida con reglas de <a href=\"https:\/\/www.jibble.io\/es\/ayuda\/como-funcionan-las-horas-extras\">horas extras<\/a> personalizadas para d\u00edas concretos, conservando la disposici\u00f3n del <a href=\"https:\/\/www.jibble.io\/es\/ayuda\/gestionar-horarios-de-trabajo\">calendario laboral<\/a> para los dem\u00e1s d\u00edas.<\/p>\n<p><strong>Este art\u00edculo abarca:<\/strong><\/p>\n<ul>\n<li style=\"font-weight: 400;\" aria-level=\"1\"><a href=\"#a\u00f1adir-jornadas-reducidas\"><span style=\"font-weight: 400;\">A\u00f1adir jornadas reducidas<\/span><\/a><\/li>\n<li style=\"font-weight: 400;\" aria-level=\"1\"><a href=\"#como-afectan-calculos\"><span style=\"font-weight: 400;\">\u00bfC\u00f3mo afectan los c\u00e1lculos de tiempo las jornadas reducidas?<\/span><\/a><\/li>\n<li style=\"font-weight: 400;\" aria-level=\"1\"><a href=\"#eliminar-jornadas-reducidas\"><span style=\"font-weight: 400;\">Eliminar jornadas reducidas<\/span><\/a><\/li>\n<\/ul>\n<hr \/>\n<h2 id=\"a\u00f1adir-jornadas-reducidas\"><b>A\u00f1adir jornadas reducidas<\/b><\/h2>\n<p>S\u00f3lo los propietarios y administradores pueden a\u00f1adir jornadas reducidas.<\/p>\n<ol>\n<li style=\"font-weight: 400;\" aria-level=\"1\"><span style=\"font-weight: 400;\"><span style=\"font-weight: 400;\">Ve a <strong>Tiempo libre y <\/strong><\/span><\/span><span style=\"font-weight: 400;\"><span style=\"font-weight: 400;\"><strong>Vacaciones<\/strong> en el men\u00fa de navegaci\u00f3n de la izquierda.<br \/>\n<\/span><\/span><\/li>\n<li style=\"font-weight: 400;\" aria-level=\"1\"><span style=\"font-weight: 400;\"><span style=\"font-weight: 400;\">En la pesta\u00f1a <strong>Vacaciones<\/strong>, selecciona un <a href=\"https:\/\/www.jibble.io\/es\/ayuda\/gestionar-calendarios-de-dias-festivos\">calendario<\/a> para a\u00f1adir una jornada reducida.<img decoding=\"async\" class=\"aligncenter size-full wp-image-132488\" src=\"https:\/\/www.jibble.io\/wp-content\/uploads\/2023\/04\/image-84.png\" alt=\"En la pesta\u00f1a Vacaciones, selecciona un calendario para a\u00f1adir una jornada reducida.\" width=\"3290\" height=\"1762\" srcset=\"https:\/\/www.jibble.io\/wp-content\/uploads\/2023\/04\/image-84.png 3290w, https:\/\/www.jibble.io\/wp-content\/uploads\/2023\/04\/image-84-300x161.png 300w, https:\/\/www.jibble.io\/wp-content\/uploads\/2023\/04\/image-84-768x411.png 768w, https:\/\/www.jibble.io\/wp-content\/uploads\/2023\/04\/image-84-1536x823.png 1536w\" sizes=\"(max-width: 3290px) 100vw, 3290px\" \/><\/span><\/span><em><strong>Nota<\/strong>: Todos los miembros asignados al calendario expl\u00edcitamente o por defecto se ver\u00e1n afectados por las jornadas reducidas.<\/em><\/li>\n<li style=\"font-weight: 400;\" aria-level=\"1\">Haz clic en<strong> A\u00f1adir vacaciones<\/strong>.<img decoding=\"async\" class=\"aligncenter size-full wp-image-132497\" src=\"https:\/\/www.jibble.io\/wp-content\/uploads\/2023\/04\/Group-42-1.png\" alt=\"Haz clic en A\u00f1adir vacaciones.\" width=\"3290\" height=\"1762\" srcset=\"https:\/\/www.jibble.io\/wp-content\/uploads\/2023\/04\/Group-42-1.png 3290w, https:\/\/www.jibble.io\/wp-content\/uploads\/2023\/04\/Group-42-1-300x161.png 300w, https:\/\/www.jibble.io\/wp-content\/uploads\/2023\/04\/Group-42-1-768x411.png 768w, https:\/\/www.jibble.io\/wp-content\/uploads\/2023\/04\/Group-42-1-1536x823.png 1536w\" sizes=\"(max-width: 3290px) 100vw, 3290px\" \/><\/li>\n<li style=\"font-weight: 400;\" aria-level=\"1\">Tambi\u00e9n puedes a\u00f1adir reglas de jornadas reducidas a una festividad existente pasando el rat\u00f3n por encima de la festividad en cuesti\u00f3n y haciendo clic en el icono del l\u00e1piz.<\/li>\n<li style=\"font-weight: 400;\" aria-level=\"1\">Introduce el nombre de la festividad y selecciona el intervalo de fechas para el que se aplicar\u00e1 la jornada reducida. Si est\u00e1 editando un d\u00eda festivo existente, puedes saltarte este paso y continuar con el siguiente.<img decoding=\"async\" class=\"aligncenter three-quarter size-full wp-image-108892\" src=\"https:\/\/www.jibble.io\/wp-content\/uploads\/2023\/04\/image-198.png\" alt=\"Introduce el nombre de la festividad y selecciona el intervalo de fechas para el que se aplicar\u00e1 la jornada reducida. Si est\u00e1 editando un d\u00eda festivo existente, puedes saltarte este paso y continuar con el siguiente.\" width=\"1768\" height=\"1790\" srcset=\"https:\/\/www.jibble.io\/wp-content\/uploads\/2023\/04\/image-198.png 1768w, https:\/\/www.jibble.io\/wp-content\/uploads\/2023\/04\/image-198-296x300.png 296w, https:\/\/www.jibble.io\/wp-content\/uploads\/2023\/04\/image-198-759x768.png 759w, https:\/\/www.jibble.io\/wp-content\/uploads\/2023\/04\/image-198-768x778.png 768w, https:\/\/www.jibble.io\/wp-content\/uploads\/2023\/04\/image-198-1517x1536.png 1517w\" sizes=\"(max-width: 1768px) 100vw, 1768px\" \/><\/li>\n<li aria-level=\"1\"><span style=\"font-weight: 400;\"><span style=\"font-weight: 400;\">Haz clic en <strong>A\u00f1adir regla de jornada reducida<\/strong>.<\/span><\/span><img decoding=\"async\" class=\"aligncenter three-quarter size-full wp-image-108900\" src=\"https:\/\/www.jibble.io\/wp-content\/uploads\/2023\/04\/Group-160.png\" alt=\"Haz clic en A\u00f1adir regla de jornada reducida.\" width=\"1768\" height=\"1790\" srcset=\"https:\/\/www.jibble.io\/wp-content\/uploads\/2023\/04\/Group-160.png 1768w, https:\/\/www.jibble.io\/wp-content\/uploads\/2023\/04\/Group-160-296x300.png 296w, https:\/\/www.jibble.io\/wp-content\/uploads\/2023\/04\/Group-160-759x768.png 759w, https:\/\/www.jibble.io\/wp-content\/uploads\/2023\/04\/Group-160-768x778.png 768w, https:\/\/www.jibble.io\/wp-content\/uploads\/2023\/04\/Group-160-1517x1536.png 1517w\" sizes=\"(max-width: 1768px) 100vw, 1768px\" \/><\/li>\n<li style=\"font-weight: 400;\" aria-level=\"1\"><span style=\"font-weight: 400;\">Selecciona una propiedad que a\u00f1adir:<\/span>\n<ul>\n<li style=\"font-weight: 400;\" aria-level=\"2\"><strong>Horas de trabajo previstas<br \/>\n<\/strong><\/li>\n<li style=\"font-weight: 400;\" aria-level=\"2\"><strong>Horas extras diarias<br \/>\n<\/strong><\/li>\n<li style=\"font-weight: 400;\" aria-level=\"2\"><strong>Horas extras dobles diarias<br \/>\n<\/strong><\/li>\n<li style=\"font-weight: 400;\" aria-level=\"2\"><strong>Todas (horas de trabajo y horas extras)<\/strong><\/li>\n<\/ul>\n<\/li>\n<\/ol>\n<p><img decoding=\"async\" class=\"aligncenter three-quarter size-full wp-image-108908\" src=\"https:\/\/www.jibble.io\/wp-content\/uploads\/2023\/04\/image-200.png\" alt=\"Selecciona una propiedad que a\u00f1adir:\" width=\"1766\" height=\"1794\" srcset=\"https:\/\/www.jibble.io\/wp-content\/uploads\/2023\/04\/image-200.png 1766w, https:\/\/www.jibble.io\/wp-content\/uploads\/2023\/04\/image-200-295x300.png 295w, https:\/\/www.jibble.io\/wp-content\/uploads\/2023\/04\/image-200-756x768.png 756w, https:\/\/www.jibble.io\/wp-content\/uploads\/2023\/04\/image-200-768x780.png 768w, https:\/\/www.jibble.io\/wp-content\/uploads\/2023\/04\/image-200-1512x1536.png 1512w\" sizes=\"(max-width: 1766px) 100vw, 1766px\" \/><\/p>\n<p><em><strong>Nota<\/strong>: Puedes seleccionar m\u00e1s de un tipo de propiedad haciendo clic en el bot\u00f3n \u00aba\u00f1adir regla de jornada reducida\u00bb.<\/em><\/p>\n<hr \/>\n<h5><span style=\"text-decoration: underline;\"><b><i>Si se selecciona Horas de trabajo previstas:<\/i><\/b><\/span><\/h5>\n<p><img decoding=\"async\" class=\"aligncenter three-quarter size-full wp-image-108916\" src=\"https:\/\/www.jibble.io\/wp-content\/uploads\/2023\/04\/image-201.png\" alt=\"Si se selecciona Horas de trabajo previstas:\" width=\"1766\" height=\"1798\" srcset=\"https:\/\/www.jibble.io\/wp-content\/uploads\/2023\/04\/image-201.png 1766w, https:\/\/www.jibble.io\/wp-content\/uploads\/2023\/04\/image-201-295x300.png 295w, https:\/\/www.jibble.io\/wp-content\/uploads\/2023\/04\/image-201-754x768.png 754w, https:\/\/www.jibble.io\/wp-content\/uploads\/2023\/04\/image-201-768x782.png 768w, https:\/\/www.jibble.io\/wp-content\/uploads\/2023\/04\/image-201-1509x1536.png 1509w\" sizes=\"(max-width: 1766px) 100vw, 1766px\" \/><\/p>\n<ol>\n<li style=\"font-weight: 400;\" aria-level=\"1\">Elige c\u00f3mo quieres que se calculen las horas de trabajo previstas:\n<ul>\n<li style=\"font-weight: 400;\" aria-level=\"2\"><span style=\"font-weight: 400;\"><strong>Son<\/strong>: Las horas de trabajo previstas para el intervalo de fechas especificado se basar\u00e1n en el n\u00famero de horas establecido. El n\u00famero m\u00e1ximo de horas es de 24 horas.<br \/>\n<b><i>Importante \u2757:<\/i><\/b> Esta opci\u00f3n no es compatible con los horarios de trabajo fijos.<br \/>\n<\/span><\/li>\n<li style=\"font-weight: 400;\" aria-level=\"2\"><strong>Son hasta<\/strong>: Las horas de trabajo previstas para el intervalo de fechas especificado se basar\u00e1n en la hora establecida. La hora puede seleccionarse hasta las 23:59 \/ 23:59.<\/li>\n<li style=\"font-weight: 400;\" aria-level=\"2\"><strong>Reducidas por<\/strong>: Las horas de trabajo previstas para el intervalo de fechas especificado se reducir\u00e1n en el n\u00famero de horas establecido, bas\u00e1ndose en la disposici\u00f3n original del horario de trabajo. El valor m\u00e1ximo reducido por sigue el total de horas diarias del horario de trabajo original.\n<ul>\n<li style=\"font-weight: 400;\" aria-level=\"2\">Por ejemplo, si el horario de trabajo original es de 9:00 a 17:00 (8 horas), y las horas de trabajo previstas se reducen en 1 hora, el nuevo total de horas de trabajo para el intervalo de fechas especificado ser\u00e1 de 7 horas.\n<div class=\"mceTemp\"><\/div>\n<\/li>\n<\/ul>\n<\/li>\n<\/ul>\n<\/li>\n<li><span style=\"font-weight: 400;\"><span style=\"font-weight: 400;\">Introduce el n\u00famero total de horas o el tiempo establecido.<\/span><\/span><img decoding=\"async\" class=\"aligncenter three-quarter size-full wp-image-108925\" src=\"https:\/\/www.jibble.io\/wp-content\/uploads\/2023\/04\/image-202.png\" alt=\"Introduce el n\u00famero total de horas o el tiempo establecido.\" width=\"1770\" height=\"1802\" srcset=\"https:\/\/www.jibble.io\/wp-content\/uploads\/2023\/04\/image-202.png 1770w, https:\/\/www.jibble.io\/wp-content\/uploads\/2023\/04\/image-202-295x300.png 295w, https:\/\/www.jibble.io\/wp-content\/uploads\/2023\/04\/image-202-754x768.png 754w, https:\/\/www.jibble.io\/wp-content\/uploads\/2023\/04\/image-202-768x782.png 768w, https:\/\/www.jibble.io\/wp-content\/uploads\/2023\/04\/image-202-1509x1536.png 1509w\" sizes=\"(max-width: 1770px) 100vw, 1770px\" \/><\/li>\n<li><span style=\"font-weight: 400;\">Elige si quieres que esta disposici\u00f3n de horas\/hora se aplique a todos los horarios de trabajo o a horarios de trabajo seleccionados:<\/span>\n<ul>\n<li style=\"font-weight: 400;\" aria-level=\"2\"><strong>Aplicar a todos los horarios<\/strong>: Todos los horarios de trabajo se ver\u00e1n afectados por este cambio.<\/li>\n<li style=\"font-weight: 400;\" aria-level=\"2\"><strong>Aplicar solo a los horarios seleccionados<\/strong>: Solo se ver\u00e1n afectados los horarios de trabajo especificados, se puede seleccionar m\u00e1s de un horario.<\/li>\n<\/ul>\n<\/li>\n<\/ol>\n<p><img decoding=\"async\" class=\"aligncenter three-quarter size-full wp-image-108934\" src=\"https:\/\/www.jibble.io\/wp-content\/uploads\/2023\/04\/Group-161.png\" alt=\"Elige si quieres que esta disposici\u00f3n de horas\/hora se aplique a todos los horarios de trabajo o a horarios de trabajo seleccionados:\" width=\"1766\" height=\"1798\" srcset=\"https:\/\/www.jibble.io\/wp-content\/uploads\/2023\/04\/Group-161.png 1766w, https:\/\/www.jibble.io\/wp-content\/uploads\/2023\/04\/Group-161-295x300.png 295w, https:\/\/www.jibble.io\/wp-content\/uploads\/2023\/04\/Group-161-754x768.png 754w, https:\/\/www.jibble.io\/wp-content\/uploads\/2023\/04\/Group-161-768x782.png 768w, https:\/\/www.jibble.io\/wp-content\/uploads\/2023\/04\/Group-161-1509x1536.png 1509w\" sizes=\"(max-width: 1766px) 100vw, 1766px\" \/><\/p>\n<hr \/>\n<h5><span style=\"text-decoration: underline;\"><b><i>Si se selecciona Horas extras diarias:<\/i><\/b><\/span><\/h5>\n<p><img decoding=\"async\" class=\"aligncenter three-quarter size-full wp-image-108943\" src=\"https:\/\/www.jibble.io\/wp-content\/uploads\/2023\/04\/image-204.png\" alt=\"Si se selecciona Horas extras diarias:\" width=\"1764\" height=\"1786\" srcset=\"https:\/\/www.jibble.io\/wp-content\/uploads\/2023\/04\/image-204.png 1764w, https:\/\/www.jibble.io\/wp-content\/uploads\/2023\/04\/image-204-296x300.png 296w, https:\/\/www.jibble.io\/wp-content\/uploads\/2023\/04\/image-204-759x768.png 759w, https:\/\/www.jibble.io\/wp-content\/uploads\/2023\/04\/image-204-768x778.png 768w, https:\/\/www.jibble.io\/wp-content\/uploads\/2023\/04\/image-204-1517x1536.png 1517w\" sizes=\"(max-width: 1764px) 100vw, 1764px\" \/><\/p>\n<ol>\n<li style=\"font-weight: 400;\" aria-level=\"1\"><span style=\"font-weight: 400;\">Elige c\u00f3mo quieres que se calculen las horas extras diarias:<\/span>\n<ul>\n<li style=\"font-weight: 400;\" aria-level=\"2\"><strong>Empiezan despu\u00e9s de<\/strong>: Las horas extras diarias para el intervalo de fechas especificado empezar\u00e1n en funci\u00f3n del n\u00famero de horas establecido. El n\u00famero m\u00e1ximo de horas es 23 horas 59 minutos.<\/li>\n<li style=\"font-weight: 400;\" aria-level=\"2\"><strong>Empiezan a las<\/strong>: Las horas extras diarias para el intervalo de fechas especificado comenzar\u00e1n a partir de la hora establecida. La hora puede seleccionarse hasta las 23:59 \/ 23:59.<\/li>\n<li style=\"font-weight: 400;\" aria-level=\"2\"><strong>Reducidas por<\/strong>: Las horas extras diarias para el intervalo de fechas especificado comenzar\u00e1n despu\u00e9s del n\u00famero reducido de horas establecidas, bas\u00e1ndose en la disposici\u00f3n original del plan de horario de trabajo.\n<ul>\n<li style=\"font-weight: 400;\" aria-level=\"2\">Por ejemplo, si el horario de trabajo original tiene horas extras diarias que empiezan despu\u00e9s de las 8 horas o despu\u00e9s de las 20:00, y las horas extras diarias se reducen en 2 horas, entonces las nuevas horas extras diarias empezar\u00e1n despu\u00e9s de las 6 horas o despu\u00e9s de las 18:00.<\/li>\n<\/ul>\n<\/li>\n<\/ul>\n<\/li>\n<li>Introduce el n\u00famero total de horas o el tiempo establecido.<br \/>\n<img decoding=\"async\" class=\"aligncenter three-quarter size-full wp-image-108951\" src=\"https:\/\/www.jibble.io\/wp-content\/uploads\/2023\/04\/image-205.png\" alt=\"Introduce el n\u00famero total de horas o el tiempo establecido. \" width=\"1764\" height=\"1796\" srcset=\"https:\/\/www.jibble.io\/wp-content\/uploads\/2023\/04\/image-205.png 1764w, https:\/\/www.jibble.io\/wp-content\/uploads\/2023\/04\/image-205-295x300.png 295w, https:\/\/www.jibble.io\/wp-content\/uploads\/2023\/04\/image-205-754x768.png 754w, https:\/\/www.jibble.io\/wp-content\/uploads\/2023\/04\/image-205-768x782.png 768w, https:\/\/www.jibble.io\/wp-content\/uploads\/2023\/04\/image-205-1509x1536.png 1509w\" sizes=\"(max-width: 1764px) 100vw, 1764px\" \/><\/li>\n<li style=\"font-weight: 400;\" aria-level=\"3\"><span style=\"font-weight: 400;\">Elige si quieres que esta disposici\u00f3n de horas\/hora se aplique a todos los horarios de trabajo o a horarios de trabajo seleccionados.:<\/span>\n<ul>\n<li style=\"font-weight: 400;\" aria-level=\"2\"><strong>Aplicar a todos los horarios<\/strong>: Todos los horarios de trabajo se ver\u00e1n afectados por este cambio.<\/li>\n<li style=\"font-weight: 400;\" aria-level=\"2\"><strong>Aplicar a los horarios seleccionados<\/strong>: Solo se ver\u00e1n afectados los horarios de trabajo especificados, se puede seleccionar m\u00e1s de un horario.<\/li>\n<\/ul>\n<\/li>\n<\/ol>\n<p><img decoding=\"async\" class=\"aligncenter three-quarter size-full wp-image-108959\" src=\"https:\/\/www.jibble.io\/wp-content\/uploads\/2023\/04\/Group-162.png\" alt=\"Elige si quieres que esta disposici\u00f3n de horas\/hora se aplique a todos los horarios de trabajo o a horarios de trabajo seleccionados.:\" width=\"1764\" height=\"1786\" srcset=\"https:\/\/www.jibble.io\/wp-content\/uploads\/2023\/04\/Group-162.png 1764w, https:\/\/www.jibble.io\/wp-content\/uploads\/2023\/04\/Group-162-296x300.png 296w, https:\/\/www.jibble.io\/wp-content\/uploads\/2023\/04\/Group-162-759x768.png 759w, https:\/\/www.jibble.io\/wp-content\/uploads\/2023\/04\/Group-162-768x778.png 768w, https:\/\/www.jibble.io\/wp-content\/uploads\/2023\/04\/Group-162-1517x1536.png 1517w\" sizes=\"(max-width: 1764px) 100vw, 1764px\" \/><\/p>\n<hr \/>\n<h5><em><span style=\"text-decoration: underline;\">Si se selecciona Horas extra dobles diarias:<\/span><\/em><\/h5>\n<p><img decoding=\"async\" class=\"aligncenter three-quarter size-full wp-image-108968\" src=\"https:\/\/www.jibble.io\/wp-content\/uploads\/2023\/04\/image-208.png\" alt=\"Si se selecciona Horas extra dobles diarias:\" width=\"1760\" height=\"1776\" srcset=\"https:\/\/www.jibble.io\/wp-content\/uploads\/2023\/04\/image-208.png 1760w, https:\/\/www.jibble.io\/wp-content\/uploads\/2023\/04\/image-208-297x300.png 297w, https:\/\/www.jibble.io\/wp-content\/uploads\/2023\/04\/image-208-761x768.png 761w, https:\/\/www.jibble.io\/wp-content\/uploads\/2023\/04\/image-208-150x150.png 150w, https:\/\/www.jibble.io\/wp-content\/uploads\/2023\/04\/image-208-768x775.png 768w, https:\/\/www.jibble.io\/wp-content\/uploads\/2023\/04\/image-208-1522x1536.png 1522w\" sizes=\"(max-width: 1760px) 100vw, 1760px\" \/><\/p>\n<p>La unidad (horas\/hora) mostrada para las horas extras dobles diarias se basar\u00e1 en la unidad seleccionada para las horas extras diarias.<\/p>\n<ol>\n<li style=\"font-weight: 400;\" aria-level=\"1\"><span style=\"font-weight: 400;\">Elige c\u00f3mo quieres que se calculen las horas extras dobles diarias:<\/span>\n<ul>\n<li style=\"font-weight: 400;\" aria-level=\"2\"><strong>Empiezan despu\u00e9s de<\/strong>: Las horas extras dobles diarias para el intervalo de fechas especificado empezar\u00e1n en funci\u00f3n del n\u00famero de horas establecido. El n\u00famero seleccionado debe ser mayor que el n\u00famero de horas seleccionadas para las horas extras diarias, con un valor m\u00e1ximo de 23 horas 59 minutos.<\/li>\n<li style=\"font-weight: 400;\" aria-level=\"2\"><strong>Empiezan a las<\/strong>: Las horas extras dobles diarias para el intervalo de fechas especificado empezar\u00e1n en base a la hora establecida. La hora seleccionada debe ser posterior a la hora seleccionada para las horas extras diarias, con un valor m\u00e1ximo de 23:59 \/ 23:59.<\/li>\n<li style=\"font-weight: 400;\" aria-level=\"2\"><strong>Reducidas por<\/strong>: Las horas extras dobles diarias para el intervalo de fechas especificado comenzar\u00e1n despu\u00e9s del n\u00famero reducido de horas establecidas, bas\u00e1ndose en la disposici\u00f3n original del horario de trabajo.\n<ul>\n<li style=\"font-weight: 400;\" aria-level=\"2\">Por ejemplo, si en el horario de trabajo original las horas extras dobles diarias comienzan despu\u00e9s de las 10 horas o despu\u00e9s de las 22:00, y las horas extras dobles diarias se reducen en 1 hora, las nuevas horas extras dobles diarias comenzar\u00e1n despu\u00e9s de las 9 horas o despu\u00e9s de las 21:00.<\/li>\n<\/ul>\n<\/li>\n<\/ul>\n<\/li>\n<li style=\"font-weight: 400;\" aria-level=\"1\">Introduce el n\u00famero total de horas o el tiempo establecido.<br \/>\n<img decoding=\"async\" class=\"aligncenter three-quarter size-full wp-image-108976\" src=\"https:\/\/www.jibble.io\/wp-content\/uploads\/2023\/04\/image-209.png\" alt=\"Introduce el n\u00famero total de horas o el tiempo establecido. \" width=\"1768\" height=\"1788\" srcset=\"https:\/\/www.jibble.io\/wp-content\/uploads\/2023\/04\/image-209.png 1768w, https:\/\/www.jibble.io\/wp-content\/uploads\/2023\/04\/image-209-297x300.png 297w, https:\/\/www.jibble.io\/wp-content\/uploads\/2023\/04\/image-209-759x768.png 759w, https:\/\/www.jibble.io\/wp-content\/uploads\/2023\/04\/image-209-768x777.png 768w, https:\/\/www.jibble.io\/wp-content\/uploads\/2023\/04\/image-209-1519x1536.png 1519w\" sizes=\"(max-width: 1768px) 100vw, 1768px\" \/><\/li>\n<li style=\"font-weight: 400;\" aria-level=\"1\"><span style=\"font-weight: 400;\"> Elige si quieres que esta disposici\u00f3n de horas\/hora se aplique a todos los horarios de trabajo o a horarios de trabajo seleccionados.:<\/span>\n<ul>\n<li style=\"font-weight: 400;\" aria-level=\"2\"><strong>Aplicar a todos los horarios<\/strong>: Todos los horarios se ver\u00e1n afectados por este cambio.<\/li>\n<li style=\"font-weight: 400;\" aria-level=\"2\"><strong>Aplicar a los horarios seleccionados<\/strong>: Solo se ver\u00e1n afectados los horarios de trabajo especificados, se puede seleccionar m\u00e1s de un horario.<\/li>\n<\/ul>\n<\/li>\n<\/ol>\n<p><img decoding=\"async\" class=\"aligncenter three-quarter size-full wp-image-108984\" src=\"https:\/\/www.jibble.io\/wp-content\/uploads\/2023\/04\/Group-163.png\" alt=\"Elige si quieres que esta disposici\u00f3n de horas\/hora se aplique a todos los horarios de trabajo o a horarios de trabajo seleccionados.:\" width=\"1760\" height=\"1776\" srcset=\"https:\/\/www.jibble.io\/wp-content\/uploads\/2023\/04\/Group-163.png 1760w, https:\/\/www.jibble.io\/wp-content\/uploads\/2023\/04\/Group-163-297x300.png 297w, https:\/\/www.jibble.io\/wp-content\/uploads\/2023\/04\/Group-163-761x768.png 761w, https:\/\/www.jibble.io\/wp-content\/uploads\/2023\/04\/Group-163-150x150.png 150w, https:\/\/www.jibble.io\/wp-content\/uploads\/2023\/04\/Group-163-768x775.png 768w, https:\/\/www.jibble.io\/wp-content\/uploads\/2023\/04\/Group-163-1522x1536.png 1522w\" sizes=\"(max-width: 1760px) 100vw, 1760px\" \/><\/p>\n<hr \/>\n<h5><span style=\"text-decoration: underline;\"><em><strong>Si se selecciona Todo (horas de trabajo y horas extras):<\/strong><\/em><\/span><\/h5>\n<p><img decoding=\"async\" class=\"aligncenter three-quarter size-full wp-image-108992\" src=\"https:\/\/www.jibble.io\/wp-content\/uploads\/2023\/04\/image-211.png\" alt=\"Si se selecciona Todo (horas de trabajo y horas extras):\" width=\"1760\" height=\"1784\" srcset=\"https:\/\/www.jibble.io\/wp-content\/uploads\/2023\/04\/image-211.png 1760w, https:\/\/www.jibble.io\/wp-content\/uploads\/2023\/04\/image-211-296x300.png 296w, https:\/\/www.jibble.io\/wp-content\/uploads\/2023\/04\/image-211-758x768.png 758w, https:\/\/www.jibble.io\/wp-content\/uploads\/2023\/04\/image-211-768x778.png 768w, https:\/\/www.jibble.io\/wp-content\/uploads\/2023\/04\/image-211-1515x1536.png 1515w\" sizes=\"(max-width: 1760px) 100vw, 1760px\" \/><\/p>\n<ol>\n<li style=\"font-weight: 400;\" aria-level=\"1\">Selecciona el n\u00famero de horas en que deseas reducir tanto las horas de trabajo como las horas extras:\n<ul>\n<li style=\"font-weight: 400;\" aria-level=\"2\">Las horas de trabajo previstas, las horas extras diarias y las horas extras dobles diarias para el intervalo de fechas especificado se reducir\u00e1n en el n\u00famero de horas establecido, en funci\u00f3n de la disposici\u00f3n original del plan de horario de trabajo.\n<ul>\n<li style=\"font-weight: 400;\" aria-level=\"2\">Por ejemplo, el horario de trabajo original de Ben tiene una jornada laboral prevista de 8 horas, con horas extraordinarias diarias a partir de las 8 horas y horas extras dobles diarias a partir de las 10 horas. Si se crea un d\u00eda m\u00e1s corto en el que todas las horas se reducen en 2 horas, entonces los c\u00e1lculos de su nuevo horario son los siguientes:\n<ul>\n<li style=\"font-weight: 400;\" aria-level=\"2\"><strong>Horas de trabajo previstas: 6 horas<\/strong><\/li>\n<li style=\"font-weight: 400;\" aria-level=\"2\"><strong>Horas extras diarias: a partir de 6 horas<\/strong><\/li>\n<li style=\"font-weight: 400;\" aria-level=\"2\"><strong>Horas extras dobles diarias: a partir de 8 horas<\/strong><\/li>\n<\/ul>\n<\/li>\n<\/ul>\n<\/li>\n<\/ul>\n<\/li>\n<li><b><span style=\"font-weight: 400;\">Elige si quieres que esta disposici\u00f3n de horas\/hora se aplique a todos los horarios de trabajo o a horarios de trabajo seleccionados.:<\/span><\/b>\n<ul>\n<li><strong>Aplicar a todos los horarios<\/strong>: Todos los horarios de trabajo se ver\u00e1n afectados por este cambio.<br \/>\n<em><strong>Nota<\/strong>: Si se seleccionan todos los horarios, no se pueden a\u00f1adir reglas adicionales de jornada reducida.<\/em><\/li>\n<li><strong>Aplicar a los horarios seleccionados<\/strong>: Solo se ver\u00e1n afectados los horarios de trabajo especificados, se puede seleccionar m\u00e1s de un horario.<\/li>\n<\/ul>\n<\/li>\n<\/ol>\n<p><img decoding=\"async\" class=\"aligncenter three-quarter size-full wp-image-109000\" src=\"https:\/\/www.jibble.io\/wp-content\/uploads\/2023\/04\/Group-164.png\" alt=\"Si se selecciona Todo (horas de trabajo y horas extras):\" width=\"1772\" height=\"1788\" srcset=\"https:\/\/www.jibble.io\/wp-content\/uploads\/2023\/04\/Group-164.png 1772w, https:\/\/www.jibble.io\/wp-content\/uploads\/2023\/04\/Group-164-297x300.png 297w, https:\/\/www.jibble.io\/wp-content\/uploads\/2023\/04\/Group-164-761x768.png 761w, https:\/\/www.jibble.io\/wp-content\/uploads\/2023\/04\/Group-164-150x150.png 150w, https:\/\/www.jibble.io\/wp-content\/uploads\/2023\/04\/Group-164-768x775.png 768w, https:\/\/www.jibble.io\/wp-content\/uploads\/2023\/04\/Group-164-1522x1536.png 1522w\" sizes=\"(max-width: 1772px) 100vw, 1772px\" \/><\/p>\n<p>Una vez realizadas todas las selecciones o reglas, haz clic en <strong>Guardar<\/strong>.<\/p>\n<hr \/>\n<h2 id=\"como-afectan-calculos\"><b>C\u00f3mo afectan las jornadas reducidas al c\u00e1lculo del tiempo<\/b><\/h2>\n<p>Cuando se crea una jornada reducida para un intervalo de fechas, los c\u00e1lculos de tiempo para Horas regulares, Horas extras diarias y Horas extras dobles diarias se basar\u00e1n en las horas\/hora establecidas al crear la jornada reducida. Esto anular\u00e1 las horas\/hora que se establecieron originalmente en el <a href=\"https:\/\/www.jibble.io\/es\/ayuda\/gestionar-horarios-de-trabajo\/\">horario de trabajo<\/a>.<\/p>\n<p>Si una jornada reducida coincide con un d\u00eda festivo, la jornada reducida tendr\u00e1 prioridad. Si una reducci\u00f3n de jornada coincide con un d\u00eda de descanso o tiempo libre (retribuido o no), estos d\u00edas tendr\u00e1n prioridad sobre la reducci\u00f3n de jornada y se conservar\u00e1n en funci\u00f3n de las horas establecidas originalmente en el horario de trabajo.<\/p>\n<p>La jerarqu\u00eda de los c\u00e1lculos de tiempo que aparecen en las Hojas de horas e Informes exportados es la siguiente:<\/p>\n<ol>\n<li><strong>Jornada reducida &gt; D\u00eda festivo<\/strong><\/li>\n<li><strong>D\u00eda de descanso &gt; Tiempo libre &gt; Jornada reducida<\/strong><\/li>\n<\/ol>\n<ul>\n<li><span style=\"text-decoration: underline;\"><b>Hojas de horas<\/b><\/span><\/li>\n<\/ul>\n<p>La fecha con jornada reducida se indicar\u00e1 con una ficha \u00abJornada reducida\u00bb en las <a href=\"https:\/\/www.jibble.io\/es\/ayuda\/como-funcionan-las-hojas-de-horas\/\">hojas de horas<\/a>. En las entradas de tiempo diarias detalladas, la jornada laboral reducida se mostrar\u00e1 con su respectivo nombre. En las hojas de horas mensuales, las jornadas acortadas se indicar\u00e1n con \u00abSD\u00bb.<\/p>\n<p><img decoding=\"async\" class=\"aligncenter size-full wp-image-132506\" src=\"https:\/\/www.jibble.io\/wp-content\/uploads\/2023\/04\/image-86.png\" alt=\"Hojas de horas\" width=\"3304\" height=\"1620\" srcset=\"https:\/\/www.jibble.io\/wp-content\/uploads\/2023\/04\/image-86.png 3304w, https:\/\/www.jibble.io\/wp-content\/uploads\/2023\/04\/image-86-300x147.png 300w, https:\/\/www.jibble.io\/wp-content\/uploads\/2023\/04\/image-86-768x377.png 768w, https:\/\/www.jibble.io\/wp-content\/uploads\/2023\/04\/image-86-1536x753.png 1536w\" sizes=\"(max-width: 3304px) 100vw, 3304px\" \/><\/p>\n<ul>\n<li><span style=\"text-decoration: underline;\"><b>Informes exportados<\/b><\/span><\/li>\n<\/ul>\n<p>Los informes de resumen de hojas de horas, los informes de asistencia y las hojas de horas sin procesar se ver\u00e1n afectados por la(s) jornada(s) reducida(s) creada(s). Los informes que se conservan y no se ver\u00e1n afectados son las entradas de tiempo sin procesar y los informes de seguimiento de tiempo.<\/p>\n<ul>\n<li><span style=\"text-decoration: underline;\"><b>Horarios de trabajo<\/b><\/span><\/li>\n<\/ul>\n<p>Las jornadas reducidas anular\u00e1n las horas de trabajo previstas, las horas extras diarias y los c\u00e1lculos de horas extras dobles diarias. Las tasas multiplicadoras se conservar\u00e1n junto con el tiempo de hoja de horas dividido, los descansos, las deducciones autom\u00e1ticas, las asignaciones de ubicaci\u00f3n y las asignaciones de miembros.<\/p>\n<ul>\n<li><b><\/b><span style=\"text-decoration: underline;\"><strong>Per\u00edodos de pago<\/strong><\/span><\/li>\n<\/ul>\n<p>Las jornadas reducidas anular\u00e1n los c\u00e1lculos de tiempo de los\u00a0<a href=\"https:\/\/www.jibble.io\/es\/ayuda\/periodos-de-pago-y-aprobaciones\">periodos de pago<\/a> que se encuentren en estado \u00abEn curso\u00bb. Si se a\u00f1ade una jornada reducida despu\u00e9s de que haya transcurrido un periodo de pago y est\u00e9 en estado \u00abAbierto\u00bb, no se aplicar\u00e1n las jornadas reducidas.<\/p>\n<ul>\n<li><b><\/b><span style=\"text-decoration: underline;\"><b>Control horario<\/b><\/span><\/li>\n<\/ul>\n<p>Si se crea una jornada reducida, la Hora de finalizaci\u00f3n basada en el horario de trabajo original se ver\u00e1 afectada.<\/p>\n<p><strong><i>Ejemplo:<\/i><\/strong><\/p>\n<p>Una organizaci\u00f3n tiene un horario de trabajo fijo con una hora de inicio a las 08:00 y una hora de finalizaci\u00f3n a las 17:00. Los recordatorios de salida se programan 5 minutos antes de la hora de finalizaci\u00f3n programada, lo que significa que los miembros recibir\u00e1n este recordatorio a las 16:55.<\/p>\n<p>Posteriormente, se ha creado una jornada reducida que reduce en 1 hora el total de horas de trabajo diarias. La nueva hora de finalizaci\u00f3n pasar\u00e1 a ser las 16:00 en lugar de las 17:00. Con este cambio, los recordatorios para fichar la salida se enviar\u00e1n a los miembros a las 15:55 (5 minutos antes de la hora de finalizaci\u00f3n programada).<\/p>\n<p>Las jornadas reducidas tambi\u00e9n se mostrar\u00e1n en \u00abPr\u00f3ximos d\u00edas festivos\u00bb en el panel de control.<\/p>\n<hr \/>\n<h2 id=\"eliminar-jornadas-reducidas\"><b>Eliminar jornadas reducidas<\/b><\/h2>\n<p>Solo los propietarios y los administradores pueden eliminar jornadas reducidas.<\/p>\n<ol>\n<li style=\"list-style-type: none;\">\n<ol>\n<li style=\"font-weight: 400;\" aria-level=\"1\">Ve a <strong>Tiempo libre y Vacaciones<\/strong> en el men\u00fa de navegaci\u00f3n de la izquierda.<\/li>\n<li style=\"font-weight: 400;\" aria-level=\"1\">En la pesta\u00f1a <strong>Vacaciones<\/strong>, seleccione la jornada reducida del calendario.<\/li>\n<li style=\"font-weight: 400;\" aria-level=\"1\">Selecciona la jornada reducida y haz clic en el icono de la papelera. .<img decoding=\"async\" class=\"aligncenter size-full wp-image-132515\" src=\"https:\/\/www.jibble.io\/wp-content\/uploads\/2023\/04\/Group-43-1.png\" alt=\"Selecciona la jornada reducida y haz clic en el icono de la papelera. .\" width=\"2704\" height=\"700\" srcset=\"https:\/\/www.jibble.io\/wp-content\/uploads\/2023\/04\/Group-43-1.png 2704w, https:\/\/www.jibble.io\/wp-content\/uploads\/2023\/04\/Group-43-1-300x78.png 300w, https:\/\/www.jibble.io\/wp-content\/uploads\/2023\/04\/Group-43-1-768x199.png 768w, https:\/\/www.jibble.io\/wp-content\/uploads\/2023\/04\/Group-43-1-1536x398.png 1536w\" sizes=\"(max-width: 2704px) 100vw, 2704px\" \/><\/li>\n<li style=\"font-weight: 400;\" aria-level=\"1\">Aparecer\u00e1 un mensaje de advertencia para confirmar esta acci\u00f3n.<\/li>\n<li style=\"font-weight: 400;\" aria-level=\"1\">Teclea <strong>DELETE<\/strong> y pulsa <strong>Confirmar<\/strong>.<img decoding=\"async\" class=\"aligncenter three-quarter size-full wp-image-109024\" src=\"https:\/\/www.jibble.io\/wp-content\/uploads\/2023\/04\/image-215.png\" alt=\"Teclea DELETE y pulsa Confirmar.\" width=\"1264\" height=\"1110\" srcset=\"https:\/\/www.jibble.io\/wp-content\/uploads\/2023\/04\/image-215-300x263.png 300w, https:\/\/www.jibble.io\/wp-content\/uploads\/2023\/04\/image-215-768x674.png 768w\" sizes=\"(max-width: 1264px) 100vw, 1264px\" \/><\/li>\n<\/ol>\n<\/li>\n<\/ol>\n<p>Una vez eliminada una jornada reducida, todos los c\u00e1lculos de tiempo se revertir\u00e1n bas\u00e1ndose en la disposici\u00f3n original del calendario laboral. Los periodos de pago que se encuentren en estado \u00ab<em>Abierto<\/em>\u00ab, \u00ab<em>Reabierto<\/em>\u00bb y \u00ab<em>Aprobado<\/em>\u00bb no se ver\u00e1n afectados.<\/p>\n","protected":false},"author":26,"template":"","meta":{"_acf_changed":false,"footnotes":""},"collections":[474],"class_list":["post-61667","help","type-help","status-publish","hentry","collections-gestion-permisos"],"acf":[],"yoast_head":"<!-- This site is optimized with the Yoast SEO Premium plugin v26.8 (Yoast SEO v26.8) - https:\/\/yoast.com\/product\/yoast-seo-premium-wordpress\/ -->\n<title>\u00bfC\u00f3mo utilizar jornadas reducidas en Jibble?<\/title>\n<meta name=\"description\" content=\"Establece jornadas reducidas cuando los empleados tengan que trabajar menos horas sin afectar a la distribuci\u00f3n horaria de los dem\u00e1s d\u00edas\" \/>\n<meta name=\"robots\" content=\"index, follow, max-snippet:-1, max-image-preview:large, max-video-preview:-1\" \/>\n<link rel=\"canonical\" href=\"https:\/\/www.jibble.io\/es\/ayuda\/como-usar-jornadas-reducidas-en-jibble\" \/>\n<meta property=\"og:locale\" content=\"es_ES\" \/>\n<meta property=\"og:type\" content=\"article\" \/>\n<meta property=\"og:title\" content=\"\u00bfC\u00f3mo utilizar jornadas reducidas en Jibble?\" \/>\n<meta property=\"og:description\" content=\"Establece jornadas reducidas cuando los empleados tengan que trabajar menos horas sin afectar a la distribuci\u00f3n horaria de los dem\u00e1s d\u00edas\" \/>\n<meta property=\"og:url\" content=\"https:\/\/www.jibble.io\/es\/ayuda\/como-usar-jornadas-reducidas-en-jibble\" \/>\n<meta property=\"og:site_name\" content=\"Jibble\" \/>\n<meta property=\"article:modified_time\" content=\"2025-12-05T00:49:37+00:00\" \/>\n<meta property=\"og:image\" content=\"https:\/\/www.jibble.io\/wp-content\/uploads\/2023\/04\/image-84.png\" \/>\n<meta name=\"twitter:card\" content=\"summary_large_image\" \/>\n<meta name=\"twitter:label1\" content=\"Tiempo de lectura\" \/>\n\t<meta name=\"twitter:data1\" content=\"13 minutos\" \/>\n<script type=\"application\/ld+json\" class=\"yoast-schema-graph\">{\"@context\":\"https:\/\/schema.org\",\"@graph\":[{\"@type\":\"WebPage\",\"@id\":\"https:\/\/www.jibble.io\/es\/ayuda\/como-usar-jornadas-reducidas-en-jibble\",\"url\":\"https:\/\/www.jibble.io\/es\/ayuda\/como-usar-jornadas-reducidas-en-jibble\",\"name\":\"\u00bfC\u00f3mo utilizar jornadas reducidas en Jibble?\",\"isPartOf\":{\"@id\":\"https:\/\/www.jibble.io\/es#website\"},\"primaryImageOfPage\":{\"@id\":\"https:\/\/www.jibble.io\/es\/ayuda\/como-usar-jornadas-reducidas-en-jibble#primaryimage\"},\"image\":{\"@id\":\"https:\/\/www.jibble.io\/es\/ayuda\/como-usar-jornadas-reducidas-en-jibble#primaryimage\"},\"thumbnailUrl\":\"https:\/\/www.jibble.io\/wp-content\/uploads\/2023\/04\/image-84.png\",\"datePublished\":\"2023-04-19T08:14:32+00:00\",\"dateModified\":\"2025-12-05T00:49:37+00:00\",\"description\":\"Establece jornadas reducidas cuando los empleados tengan que trabajar menos horas sin afectar a la distribuci\u00f3n horaria de los dem\u00e1s d\u00edas\",\"inLanguage\":\"es\",\"potentialAction\":[{\"@type\":\"ReadAction\",\"target\":[\"https:\/\/www.jibble.io\/es\/ayuda\/como-usar-jornadas-reducidas-en-jibble\"]}]},{\"@type\":\"ImageObject\",\"inLanguage\":\"es\",\"@id\":\"https:\/\/www.jibble.io\/es\/ayuda\/como-usar-jornadas-reducidas-en-jibble#primaryimage\",\"url\":\"https:\/\/www.jibble.io\/wp-content\/uploads\/2023\/04\/image-84.png\",\"contentUrl\":\"https:\/\/www.jibble.io\/wp-content\/uploads\/2023\/04\/image-84.png\"},{\"@type\":\"WebSite\",\"@id\":\"https:\/\/www.jibble.io\/es#website\",\"url\":\"https:\/\/www.jibble.io\/es\",\"name\":\"Jibble\",\"description\":\"Meet the new standard in time tracking software\",\"publisher\":{\"@id\":\"https:\/\/www.jibble.io\/es#organization\"},\"potentialAction\":[{\"@type\":\"SearchAction\",\"target\":{\"@type\":\"EntryPoint\",\"urlTemplate\":\"https:\/\/www.jibble.io\/es?s={search_term_string}\"},\"query-input\":{\"@type\":\"PropertyValueSpecification\",\"valueRequired\":true,\"valueName\":\"search_term_string\"}}],\"inLanguage\":\"es\"},{\"@type\":\"Organization\",\"@id\":\"https:\/\/www.jibble.io\/es#organization\",\"name\":\"Jibble\",\"url\":\"https:\/\/www.jibble.io\/es\",\"logo\":{\"@type\":\"ImageObject\",\"inLanguage\":\"es\",\"@id\":\"https:\/\/www.jibble.io\/es#\/schema\/logo\/image\/\",\"url\":\"https:\/\/www.jibble.io\/wp-content\/uploads\/2022\/05\/Original-copy-923x1024.png\",\"contentUrl\":\"https:\/\/www.jibble.io\/wp-content\/uploads\/2022\/05\/Original-copy-923x1024.png\",\"width\":\"923\",\"height\":\"1024\",\"caption\":\"Jibble\"},\"image\":{\"@id\":\"https:\/\/www.jibble.io\/es#\/schema\/logo\/image\/\"},\"sameAs\":[\"https:\/\/www.linkedin.com\/company\/jibble\/\"]}]}<\/script>\n<!-- \/ Yoast SEO Premium plugin. -->","yoast_head_json":{"title":"\u00bfC\u00f3mo utilizar jornadas reducidas en Jibble?","description":"Establece jornadas reducidas cuando los empleados tengan que trabajar menos horas sin afectar a la distribuci\u00f3n horaria de los dem\u00e1s d\u00edas","robots":{"index":"index","follow":"follow","max-snippet":"max-snippet:-1","max-image-preview":"max-image-preview:large","max-video-preview":"max-video-preview:-1"},"canonical":"https:\/\/www.jibble.io\/es\/ayuda\/como-usar-jornadas-reducidas-en-jibble","og_locale":"es_ES","og_type":"article","og_title":"\u00bfC\u00f3mo utilizar jornadas reducidas en Jibble?","og_description":"Establece jornadas reducidas cuando los empleados tengan que trabajar menos horas sin afectar a la distribuci\u00f3n horaria de los dem\u00e1s d\u00edas","og_url":"https:\/\/www.jibble.io\/es\/ayuda\/como-usar-jornadas-reducidas-en-jibble","og_site_name":"Jibble","article_modified_time":"2025-12-05T00:49:37+00:00","og_image":[{"url":"https:\/\/www.jibble.io\/wp-content\/uploads\/2023\/04\/image-84.png","type":"","width":"","height":""}],"twitter_card":"summary_large_image","twitter_misc":{"Tiempo de lectura":"13 minutos"},"schema":{"@context":"https:\/\/schema.org","@graph":[{"@type":"WebPage","@id":"https:\/\/www.jibble.io\/es\/ayuda\/como-usar-jornadas-reducidas-en-jibble","url":"https:\/\/www.jibble.io\/es\/ayuda\/como-usar-jornadas-reducidas-en-jibble","name":"\u00bfC\u00f3mo utilizar jornadas reducidas en Jibble?","isPartOf":{"@id":"https:\/\/www.jibble.io\/es#website"},"primaryImageOfPage":{"@id":"https:\/\/www.jibble.io\/es\/ayuda\/como-usar-jornadas-reducidas-en-jibble#primaryimage"},"image":{"@id":"https:\/\/www.jibble.io\/es\/ayuda\/como-usar-jornadas-reducidas-en-jibble#primaryimage"},"thumbnailUrl":"https:\/\/www.jibble.io\/wp-content\/uploads\/2023\/04\/image-84.png","datePublished":"2023-04-19T08:14:32+00:00","dateModified":"2025-12-05T00:49:37+00:00","description":"Establece jornadas reducidas cuando los empleados tengan que trabajar menos horas sin afectar a la distribuci\u00f3n horaria de los dem\u00e1s d\u00edas","inLanguage":"es","potentialAction":[{"@type":"ReadAction","target":["https:\/\/www.jibble.io\/es\/ayuda\/como-usar-jornadas-reducidas-en-jibble"]}]},{"@type":"ImageObject","inLanguage":"es","@id":"https:\/\/www.jibble.io\/es\/ayuda\/como-usar-jornadas-reducidas-en-jibble#primaryimage","url":"https:\/\/www.jibble.io\/wp-content\/uploads\/2023\/04\/image-84.png","contentUrl":"https:\/\/www.jibble.io\/wp-content\/uploads\/2023\/04\/image-84.png"},{"@type":"WebSite","@id":"https:\/\/www.jibble.io\/es#website","url":"https:\/\/www.jibble.io\/es","name":"Jibble","description":"Meet the new standard in time tracking software","publisher":{"@id":"https:\/\/www.jibble.io\/es#organization"},"potentialAction":[{"@type":"SearchAction","target":{"@type":"EntryPoint","urlTemplate":"https:\/\/www.jibble.io\/es?s={search_term_string}"},"query-input":{"@type":"PropertyValueSpecification","valueRequired":true,"valueName":"search_term_string"}}],"inLanguage":"es"},{"@type":"Organization","@id":"https:\/\/www.jibble.io\/es#organization","name":"Jibble","url":"https:\/\/www.jibble.io\/es","logo":{"@type":"ImageObject","inLanguage":"es","@id":"https:\/\/www.jibble.io\/es#\/schema\/logo\/image\/","url":"https:\/\/www.jibble.io\/wp-content\/uploads\/2022\/05\/Original-copy-923x1024.png","contentUrl":"https:\/\/www.jibble.io\/wp-content\/uploads\/2022\/05\/Original-copy-923x1024.png","width":"923","height":"1024","caption":"Jibble"},"image":{"@id":"https:\/\/www.jibble.io\/es#\/schema\/logo\/image\/"},"sameAs":["https:\/\/www.linkedin.com\/company\/jibble\/"]}]}},"_links":{"self":[{"href":"https:\/\/www.jibble.io\/es\/wp-json\/wp\/v2\/help\/61667","targetHints":{"allow":["GET"]}}],"collection":[{"href":"https:\/\/www.jibble.io\/es\/wp-json\/wp\/v2\/help"}],"about":[{"href":"https:\/\/www.jibble.io\/es\/wp-json\/wp\/v2\/types\/help"}],"author":[{"embeddable":true,"href":"https:\/\/www.jibble.io\/es\/wp-json\/wp\/v2\/users\/26"}],"version-history":[{"count":3,"href":"https:\/\/www.jibble.io\/es\/wp-json\/wp\/v2\/help\/61667\/revisions"}],"predecessor-version":[{"id":354567,"href":"https:\/\/www.jibble.io\/es\/wp-json\/wp\/v2\/help\/61667\/revisions\/354567"}],"wp:attachment":[{"href":"https:\/\/www.jibble.io\/es\/wp-json\/wp\/v2\/media?parent=61667"}],"wp:term":[{"taxonomy":"collections","embeddable":true,"href":"https:\/\/www.jibble.io\/es\/wp-json\/wp\/v2\/collections?post=61667"}],"curies":[{"name":"wp","href":"https:\/\/api.w.org\/{rel}","templated":true}]}}